{"id":5419,"date":"2025-11-22T09:39:34","date_gmt":"2025-11-22T08:39:34","guid":{"rendered":"https:\/\/www.pro-action.ch\/?page_id=5419"},"modified":"2025-11-30T10:43:37","modified_gmt":"2025-11-30T09:43:37","slug":"datenschutz_fr","status":"publish","type":"page","link":"https:\/\/www.pro-action.ch\/fr\/datenschutz_fr\/","title":{"rendered":"D\u00e9claration de confidentialit\u00e9"},"content":{"rendered":"\n<h1 class=\"wp-block-heading\" id=\"jsectiondclarationdeconfidentialit\"><\/h1>\n\n\n\n<p>Nous vous remercions de votre visite sur notre site Internet pro-action.ch et de l&#8217;int\u00e9r\u00eat que vous portez \u00e0 notre entreprise.<\/p>\n\n\n\n<p>La protection de vos donn\u00e9es personnelles, telles que votre date de naissance, votre nom, votre num\u00e9ro de t\u00e9l\u00e9phone, votre adresse, etc., est important pour nous.<\/p>\n\n\n\n<p>L&#8217;objectif de cette d\u00e9claration de confidentialit\u00e9 est de vous informer sur le traitement des donn\u00e9es personnelles que nous collectons aupr\u00e8s de vous lorsque vous visitez notre site. Nos pratiques en mati\u00e8re de protection des donn\u00e9es sont conformes aux dispositions l\u00e9gales de la Loi f\u00e9d\u00e9rale sur la protection des donn\u00e9es (LPD) de la Suisse et du R\u00e8glement g\u00e9n\u00e9ral sur la protection des donn\u00e9es (RGPD) de l&#8217;UE. La d\u00e9claration de protection des donn\u00e9es ci-dessous vise \u00e0 remplir les obligations d&#8217;information pr\u00e9vues par la LPD et le RGPD. Celles-ci se trouvent par exemple dans les art. 19 et suivants. LPD ainsi qu&#8217;aux articles 13 et suivants du RGPD.<\/p>\n\n\n\n<h2 class=\"wp-block-heading\" id=\"jsectionanameresponsibleentityapropritaireouresponsable\"><a><\/a> Propri\u00e9taire ou responsable<\/h2>\n\n\n\n<p>Le responsable du traitement au sens de l&#8217;article 5, point j), de la LPD et de l&#8217;article 4, point 7, du RGPD est celui qui, seul ou conjointement avec d&#8217;autres, d\u00e9termine les finalit\u00e9s et les moyens du traitement des donn\u00e9es \u00e0 caract\u00e8re personnel. Le responsable au sens de l&#8217;article 4, point 7, du RGPD est \u00e9galement le destinataire des donn\u00e9es \u00e0 caract\u00e8re personnel au sens de l&#8217;article 4, point 9, du RGPD. Un \u00e9ventuel destinataire tiers est indiqu\u00e9 s\u00e9par\u00e9ment.<\/p>\n\n\n\n<p>En ce qui concerne notre site Internet, le propri\u00e9taire ou le responsable est :<\/p>\n\n\n\n<p>Madeleine B\u00e4hler<br>Rothbergstrasse 4<br>4132 Muttenz<br>Suisse<br>Courriel <a href=\"mailto:info@pro-action.ch\" rel=\"noreferrer noopener\" target=\"_blank\">info@pro-action.ch<\/a><br>T\u00e9l +41 (0) 61 312 03 11<\/p>\n\n\n\n<h2 class=\"wp-block-heading\" id=\"jsectionmisedispositiondusitewebetcrationdefichiersdenregistrement\">Mise \u00e0 disposition du site web et cr\u00e9ation de fichiers d&#8217;enregistrement<\/h2>\n\n\n\n<p>Chaque fois que vous consultez notre site Internet, notre syst\u00e8me collecte automatiquement des donn\u00e9es et des informations sur l&#8217;appareil qui consulte le site (par exemple, un ordinateur, un t\u00e9l\u00e9phone portable, une tablette, etc.)<\/p>\n\n\n\n<h4 class=\"wp-block-heading\" id=\"jsectionquellesdonnespersonnellessontcollectesetdansquellemesuresontellestraites\">Quelles donn\u00e9es personnelles sont collect\u00e9es et dans quelle mesure sont-elles trait\u00e9es ?<\/h4>\n\n\n\n<p>(1) Informations sur le type de navigateur et la version utilis\u00e9e ;<br>(2) Le syst\u00e8me d&#8217;exploitation de l&#8217;appareil de consultation ;<br>(3) Nom d&#8217;h\u00f4te de l&#8217;ordinateur acc\u00e9dant au site ;<br>(4) L&#8217;adresse IP de l&#8217;appareil de consultation ;<br>(5) Date et heure d&#8217;acc\u00e8s ;<br>(6) Sites et ressources (images, fichiers, autres contenus de pages) consult\u00e9s sur notre site Internet ;<br>(7) Sites web \u00e0 partir desquels le syst\u00e8me de l&#8217;utilisateur a acc\u00e9d\u00e9 \u00e0 notre site web (suivi des r\u00e9f\u00e9rents) ;<br>(8) Message indiquant si l&#8217;appel a \u00e9t\u00e9 effectu\u00e9 avec succ\u00e8s ;<br>(9) Quantit\u00e9 de donn\u00e9es transmises<\/p>\n\n\n\n<p>Ces donn\u00e9es sont stock\u00e9es dans les fichiers journaux de notre syst\u00e8me. Ces donn\u00e9es ne sont pas enregistr\u00e9es avec les donn\u00e9es personnelles d&#8217;un utilisateur concret, de sorte qu&#8217;une identification des visiteurs individuels du site n&#8217;a pas lieu.<\/p>\n\n\n\n<h4 class=\"wp-block-heading\" id=\"jsectionbasejuridiquepourletraitementdesdonnescaractrepersonnel\">Base juridique pour le traitement des donn\u00e9es \u00e0 caract\u00e8re personnel<\/h4>\n\n\n\n<p>Le traitement des donn\u00e9es \u00e0 caract\u00e8re personnel est effectu\u00e9 conform\u00e9ment au principe de lic\u00e9it\u00e9 (article 6, paragraphe 1, de la LPD) et au principe de bonne foi (article 6, paragraphe 2, de la LPD ou article 2 du CC), ainsi qu&#8217;\u00e0 l&#8217;article 6, paragraphe 1, point f), du RGPD (int\u00e9r\u00eat l\u00e9gitime).<\/p>\n\n\n\n<h4 class=\"wp-block-heading\" id=\"jsectionobjectifdutraitementdesdonnes\">Objectif du traitement des donn\u00e9es<\/h4>\n\n\n\n<p>Le stockage temporaire (automatis\u00e9) des donn\u00e9es est n\u00e9cessaire pour le d\u00e9roulement d&#8217;une visite sur le site web, afin de permettre la livraison du site web. Le stockage et le traitement des donn\u00e9es \u00e0 caract\u00e8re personnel sont en outre effectu\u00e9s pour maintenir la compatibilit\u00e9 de notre site Internet avec le plus grand nombre possible de visiteurs et pour lutter contre les abus et \u00e9liminer les dysfonctionnements. Pour ce faire, il est n\u00e9cessaire d&#8217;enregistrer les donn\u00e9es techniques de l&#8217;ordinateur qui consulte le site afin de pouvoir r\u00e9agir le plus t\u00f4t possible aux erreurs d&#8217;affichage, aux attaques contre nos syst\u00e8mes informatiques et\/ou aux erreurs de fonctionnalit\u00e9 de notre site Internet. En outre, les donn\u00e9es nous servent \u00e0 optimiser le site Internet et \u00e0 garantir la s\u00e9curit\u00e9 de nos syst\u00e8mes informatiques en g\u00e9n\u00e9ral.<\/p>\n\n\n\n<h4 class=\"wp-block-heading\" id=\"jsectionduredestockage\">Dur\u00e9e de stockage<\/h4>\n\n\n\n<p>La suppression des donn\u00e9es techniques susmentionn\u00e9es a lieu d\u00e8s qu&#8217;elles ne sont plus n\u00e9cessaires pour assurer la compatibilit\u00e9 du site Internet pour tous les visiteurs, et au plus tard 3 mois apr\u00e8s la consultation de notre site Internet.<\/p>\n\n\n\n<h4 class=\"wp-block-heading\" id=\"jsectionpossibilitdelimitationdoppositionderectificationetdesuppression\">Possibilit\u00e9 de limitation, d&#8217;opposition, de rectification et de suppression<\/h4>\n\n\n\n<p>Vous pouvez \u00e0 tout moment demander la limitation du traitement conform\u00e9ment \u00e0 l&#8217;article 18 du RGPD ou vous opposer au traitement conform\u00e9ment \u00e0 l&#8217;article 21 du RGPD, ainsi que demander la rectification ou l&#8217;effacement des donn\u00e9es conform\u00e9ment aux articles 16 et 17 du RGPD. Vous trouverez les droits dont vous disposez et la mani\u00e8re de les faire valoir dans la partie inf\u00e9rieure de cette d\u00e9claration de protection des donn\u00e9es.<\/p>\n\n\n\n<h2 class=\"wp-block-heading\" id=\"jsectionfonctionnalitsparticuliresdusiteinternet\">Fonctionnalit\u00e9s particuli\u00e8res du site Internet<\/h2>\n\n\n\n<p>Notre site vous propose diff\u00e9rentes fonctions dont l&#8217;utilisation implique la collecte, le traitement et l&#8217;enregistrement de donn\u00e9es personnelles. Nous expliquons ci-dessous ce qu&#8217;il advient de ces donn\u00e9es :<\/p>\n\n\n\n<h3 class=\"wp-block-heading\" id=\"jsectionformulairesdecontact\">Formulaire(s) de contact<\/h3>\n\n\n\n<ul class=\"wp-block-list\">\n<li>Quelles donn\u00e9es personnelles sont collect\u00e9es et dans quelle mesure sont-elles trait\u00e9es ? Les donn\u00e9es que vous avez saisies dans le masque de saisie de nos formulaires de contact.<\/li>\n\n\n\n<li>Base juridique pour le traitement des donn\u00e9es personnelles Le traitement des donn\u00e9es \u00e0 caract\u00e8re personnel est effectu\u00e9 conform\u00e9ment au principe de lic\u00e9it\u00e9 (article 6, paragraphe 1, de la LPD) et au principe de bonne foi (article 6, paragraphe 2, de la LPD ou article 2 du Code civil) ainsi qu&#8217;\u00e0 l&#8217;article 6, paragraphe 1, point a), du RGPD ou \u00e0 l&#8217;article 9, paragraphe 2, point a), du RGPD (consentement par un acte ou un comportement confirmatif clair ou consentement explicite).<\/li>\n\n\n\n<li>Objectif du traitement des donn\u00e9es Nous n&#8217;utiliserons les donn\u00e9es recueillies via notre formulaire de contact ou nos formulaires de contact que pour traiter la demande de contact concr\u00e8te re\u00e7ue via le formulaire de contact. Veuillez noter que pour r\u00e9pondre \u00e0 votre demande de contact, nous pouvons \u00e9galement vous envoyer des courriels \u00e0 l&#8217;adresse indiqu\u00e9e. Cela a pour but de vous permettre de recevoir une confirmation de notre part que votre demande nous a \u00e9t\u00e9 correctement transmise. L&#8217;envoi de ce courriel de confirmation n&#8217;est toutefois pas obligatoire pour nous et ne sert qu&#8217;\u00e0 vous informer.<\/li>\n\n\n\n<li>Dur\u00e9e de stockage Une fois votre demande trait\u00e9e, les donn\u00e9es collect\u00e9es seront imm\u00e9diatement supprim\u00e9es, sauf si des d\u00e9lais de conservation l\u00e9gaux s&#8217;appliquent.<\/li>\n\n\n\n<li>Possibilit\u00e9 de limitation, d&#8217;opposition, de rectification et de suppression Vous pouvez \u00e0 tout moment demander la limitation du traitement conform\u00e9ment \u00e0 l&#8217;article 18 du RGPD ou vous opposer au traitement conform\u00e9ment \u00e0 l&#8217;article 21 du RGPD, ainsi que demander la rectification ou l&#8217;effacement des donn\u00e9es conform\u00e9ment aux articles 16 et 17 du RGPD. Vous trouverez les droits dont vous disposez et la mani\u00e8re de les faire valoir dans la partie inf\u00e9rieure de la pr\u00e9sente d\u00e9claration de confidentialit\u00e9.<\/li>\n\n\n\n<li>N\u00e9cessit\u00e9 de fournir des donn\u00e9es \u00e0 caract\u00e8re personnel L&#8217;utilisation des formulaires de contact se fait sur une base volontaire. Vous n&#8217;\u00eates pas oblig\u00e9 de nous contacter via le formulaire de contact, mais vous pouvez \u00e9galement utiliser les autres moyens de contact indiqu\u00e9s sur notre site. Si vous souhaitez utiliser notre formulaire de contact, vous devez remplir les champs marqu\u00e9s comme obligatoires. Si vous ne remplissez pas les champs obligatoires du formulaire de contact, soit vous ne pourrez pas envoyer votre demande, soit nous ne pourrons pas la traiter faute d&#8217;informations.<\/li>\n<\/ul>\n\n\n\n<h2 class=\"wp-block-heading\" id=\"jsectionpartagedesinformationsavecdestiers\">Partage des informations avec des tiers<\/h2>\n\n\n\n<p>Le traitement des donn\u00e9es \u00e0 caract\u00e8re personnel est effectu\u00e9 conform\u00e9ment au principe de lic\u00e9it\u00e9 (article 6, paragraphe 1, LPD) et de bonne foi (article 6, paragraphe 2, LPD ou article 2 du Code civil).<\/p>\n\n\n\n<p>La transmission de donn\u00e9es \u00e0 des tiers d\u00e9pend de l&#8217;\u00e9tendue des activit\u00e9s ou des offres de notre site web ou de notre mod\u00e8le d&#8217;entreprise d\u00e9crites ci-dessous.<\/p>\n\n\n\n<p>En principe, nous ne conservons vos donn\u00e9es que le temps n\u00e9cessaire et les traitons de mani\u00e8re confidentielle. Les exceptions \u00e0 cette r\u00e8gle sont la transmission de donn\u00e9es personnelles \u00e0 des prestataires de services de recouvrement, \u00e0 des organismes publics et \u00e0 des autorit\u00e9s ainsi qu&#8217;\u00e0 des personnes priv\u00e9es, qui y ont droit en vertu de dispositions l\u00e9gales, de d\u00e9cisions de justice ou d&#8217;injonctions administratives ainsi que le transfert aux autorit\u00e9s publiques dans le but d&#8217;engager des proc\u00e9dures juridiques ou \u00e0 des fins d&#8217;application de la loi, si nos droits prot\u00e9g\u00e9s par la loi sont concern\u00e9s.<\/p>\n\n\n\n<h2 class=\"wp-block-heading\" id=\"jsectionanalysestatistiquedesvisitesdecesiteinternetwebtracker\">Analyse statistique des visites de ce site Internet &#8211; Webtracker<\/h2>\n\n\n\n<p>Nous collectons, traitons et enregistrons les donn\u00e9es suivantes lors de la consultation de ce site Internet ou de fichiers individuels du site Internet : Adresse IP, site web \u00e0 partir duquel le fichier a \u00e9t\u00e9 appel\u00e9, nom du fichier, date et heure de l&#8217;appel, quantit\u00e9 de donn\u00e9es transmises et message sur le succ\u00e8s de l&#8217;appel (appel\u00e9 journal web). Nous utilisons ces donn\u00e9es d&#8217;acc\u00e8s exclusivement sous une forme non personnalis\u00e9e pour l&#8217;am\u00e9lioration constante de notre offre Internet et \u00e0 des fins statistiques.<\/p>\n\n\n\n<p>Le traitement d&#8217;\u00e9ventuelles donn\u00e9es personnelles s&#8217;effectue selon le principe de la l\u00e9galit\u00e9 (art. 6, al. 1 LPD) et de la bonne foi (art. 6, al. 2 LPD ou art. 2 CC). Nous utilisons \u00e9galement les traceurs web suivants pour \u00e9valuer les visites de ce site Internet :<\/p>\n\n\n\n<ul class=\"wp-block-list\">\n<li> Google Nous utilisons sur notre site le service Google de la soci\u00e9t\u00e9 Google Ireland Limited, Gordon House, Barrow Street, 4 Dublin, Irlande, courriel : <a href=\"mailto:support-deutschland@google.com\" target=\"_blank\" rel=\"noreferrer noopener\">support-deutschland@google.com<\/a>, site web : <a href=\"https:\/\/www.google.com\/\" target=\"_blank\" rel=\"noreferrer noopener\">https:\/\/www.google.com\/<\/a>. Selon les estimations des autorit\u00e9s suisses, le traitement a lieu dans des pays tiers s\u00fbrs. Vous trouverez la liste des pays de la Suisse ainsi que des informations compl\u00e9mentaires sur le lien suivant : <a href=\"https:\/\/www.edoeb.admin.ch\/edoeb\/de\/home\/datenschutz\/handel-und-wirtschaft\/uebermittlung-ins-ausland.html\" target=\"_blank\" rel=\"noreferrer noopener\">https:\/\/www.edoeb.admin.ch\/edoeb\/de\/home\/datenschutz\/handel-und-wirtschaft\/uebermittlung-ins-ausland.html<\/a>. Le transfert de donn\u00e9es \u00e0 caract\u00e8re personnel a \u00e9galement lieu vers les \u00c9tats-Unis. En ce qui concerne le transfert de donn\u00e9es \u00e0 caract\u00e8re personnel vers les \u00c9tats-Unis, il existe une d\u00e9cision d&#8217;ad\u00e9quation au cadre de protection des donn\u00e9es UE-\u00c9tats-Unis de la Commission europ\u00e9enne au sens de l&#8217;article 45 du RGPD (ci-apr\u00e8s : DPF &#8211; <a href=\"https:\/\/commission.europa.eu\/document\/fa09cbad-dd7d-4684-ae60-be03fcb0fddf_en\" target=\"_blank\" rel=\"noreferrer noopener\">https:\/\/commission.europa.eu\/document\/fa09cbad-dd7d-4684-ae60-be03fcb0fddf_en<\/a> ). L&#8217;exploitant du service est certifi\u00e9 dans le cadre du DPF, de sorte que le niveau de protection habituel du RGPD s&#8217;applique au transfert. La base juridique pour la transmission des donn\u00e9es personnelles est votre consentement conform\u00e9ment \u00e0 l&#8217;article 6, paragraphe 6, de la LPD ou \u00e0 l&#8217;article 31, paragraphe 2, de la LPD et \u00e0 l&#8217;article 6, paragraphe 1, point a), du RGPD ou \u00e0 l&#8217;article 9, paragraphe 2, point a), du RGPD, que vous avez donn\u00e9 sur notre site Internet. Nous utilisons Google pour charger d&#8217;autres services de Google sur le site Internet. Le service est utilis\u00e9 pour fournir d&#8217;autres services Google, tels que le traitement des donn\u00e9es n\u00e9cessaires \u00e0 la fourniture de flux et de polices de caract\u00e8res et le contenu pertinent de la recherche Google. Il est techniquement n\u00e9cessaire pour \u00e9changer entre les services Google les informations dont Google dispose d\u00e9j\u00e0 sur le visiteur du site et pour fournir au visiteur du site un contenu individuel adapt\u00e9 \u00e0 son compte Google. Pour le traitement, le service o nous-m\u00eames collectons les donn\u00e9es suivantes: Donn\u00e9es d&#8217;arri\u00e8re-plan enregistr\u00e9es dans le compte d&#8217;utilisateur Google ou aupr\u00e8s d&#8217;autres services Google concernant le visiteur du site, donn\u00e9es d&#8217;arri\u00e8re-plan pour la mise \u00e0 disposition de services Google tels que les donn\u00e9es de streaming ou les donn\u00e9es publicitaires, donn\u00e9es sur l&#8217;utilisation de la recherche Google par l&#8217;utilisateur du site, informations sur le terminal utilis\u00e9, l&#8217;adresse IP et le navigateur de l&#8217;utilisateur et autres donn\u00e9es des services Google pour la mise \u00e0 disposition des services Google relatifs \u00e0 notre site web. Si le service est activ\u00e9 sur notre site web, ce dernier se connecte aux serveurs de l&#8217;entreprise Google Ireland Limited et transmet les donn\u00e9es requises. Dans le cadre du traitement des commandes, les donn\u00e9es personnelles peuvent \u00e9galement \u00eatre transmises aux serveurs de l&#8217;entreprise Google LLC, 1600 Amphitheatre Parkway, 94043 Mountain View, \u00c9tats-Unis. lors de l&#8217;utilisation du service Google sur notre site Web, Google peut transmettre et traiter des informations provenant d&#8217;autres services Google afin de fournir des services d&#8217;arri\u00e8re-plan pour l&#8217;affichage et le traitement des donn\u00e9es des services fournis par Google. A cet effet, une transmission de donn\u00e9es aux services Google Apis, Doubleclick, Google Cloud, et Google Ads et Google Fonts a \u00e9galement lieu le cas \u00e9ch\u00e9ant, conform\u00e9ment \u00e0 la d\u00e9claration de confidentialit\u00e9 de Google. Vous pouvez consulter la certification du fournisseur dans le cadre de l&#8217;EU-US Data Privacy Framework sur <a href=\"https:\/\/www.dataprivacyframework.gov\/list\" target=\"_blank\" rel=\"noreferrer noopener\">https:\/\/www.dataprivacyframework.gov\/list<\/a>. Vous pouvez r\u00e9voquer votre consentement \u00e0 tout moment. Vous trouverez des informations d\u00e9taill\u00e9es sur la r\u00e9vocation de votre consentement soit dans le consentement lui-m\u00eame, soit \u00e0 la fin de la pr\u00e9sente d\u00e9claration de confidentialit\u00e9. Pour plus d&#8217;informations sur le traitement des donn\u00e9es transmises, veuillez consulter la politique de confidentialit\u00e9 du fournisseur \u00e0 l&#8217;adresse <a href=\"https:\/\/policies.google.com\/privacy\" target=\"_blank\" rel=\"noreferrer noopener\">https:\/\/policies.google.com\/privacy<\/a>. Le fournisseur offre en outre une possibilit\u00e9 d&#8217;opt-out sur le site <a href=\"https:\/\/support.google.com\/My-Ad-Center-Help\/answer\/12155451?hl=de\" target=\"_blank\" rel=\"noreferrer noopener\">https:\/\/support.google.com\/My-Ad-Center-Help\/answer\/12155451?hl=de<\/a>.<\/li>\n\n\n\n<li> Google Maps Nous utilisons sur notre site le service Google Maps de la soci\u00e9t\u00e9 Google Ireland Limited, Gordon House, Barrow Street, 4 Dublin, Irlande, courriel : <a href=\"mailto:support-deutschland@google.com\" target=\"_blank\" rel=\"noreferrer noopener\">support-deutschland@google.com<\/a>, site web : <a href=\"https:\/\/www.google.com\/\" target=\"_blank\" rel=\"noreferrer noopener\">https:\/\/www.google.com\/<\/a>. Selon les estimations des autorit\u00e9s suisses, le traitement a lieu dans des pays tiers s\u00fbrs. Vous trouverez la liste des pays de la Suisse ainsi que des informations compl\u00e9mentaires sur le lien suivant : <a href=\"https:\/\/www.edoeb.admin.ch\/edoeb\/de\/home\/datenschutz\/handel-und-wirtschaft\/uebermittlung-ins-ausland.html\" target=\"_blank\" rel=\"noreferrer noopener\">https:\/\/www.edoeb.admin.ch\/edoeb\/de\/home\/datenschutz\/handel-und-wirtschaft\/uebermittlung-ins-ausland.html<\/a>. Le transfert de donn\u00e9es \u00e0 caract\u00e8re personnel a \u00e9galement lieu vers les \u00c9tats-Unis. En ce qui concerne le transfert de donn\u00e9es \u00e0 caract\u00e8re personnel vers les \u00c9tats-Unis, il existe une d\u00e9cision d&#8217;ad\u00e9quation au cadre de protection des donn\u00e9es UE-\u00c9tats-Unis de la Commission europ\u00e9enne au sens de l&#8217;article 45 du RGPD (ci-apr\u00e8s : DPF &#8211; <a href=\"https:\/\/commission.europa.eu\/document\/fa09cbad-dd7d-4684-ae60-be03fcb0fddf_en\" target=\"_blank\" rel=\"noreferrer noopener\">https:\/\/commission.europa.eu\/document\/fa09cbad-dd7d-4684-ae60-be03fcb0fddf_en<\/a> ). L&#8217;exploitant du service est certifi\u00e9 dans le cadre du DPF, de sorte que le niveau de protection habituel du RGPD s&#8217;applique au transfert. La base juridique pour la transmission des donn\u00e9es personnelles est votre consentement conform\u00e9ment \u00e0 l&#8217;article 6, paragraphe 6, de la LPD ou \u00e0 l&#8217;article 31, paragraphe 2, de la LPD et \u00e0 l&#8217;article 6, paragraphe 1, point a), du RGPD ou \u00e0 l&#8217;article 9, paragraphe 2, point a), du RGPD, que vous avez donn\u00e9 sur notre site Internet. En notre nom, Google utilisera les informations obtenues via Google Maps pour vous montrer la carte. Google Maps vous permet de nous trouver plus rapidement et plus pr\u00e9cis\u00e9ment qu&#8217;avec un simple plan d&#8217;acc\u00e8s non interactif. Les donn\u00e9es correspondantes sont \u00e9galement utilis\u00e9es pour attribuer les visiteurs du site qui affichent notre carte Google Maps, le cas \u00e9ch\u00e9ant \u00e0 l&#8217;aide de l&#8217;identifiant publicitaire Google, et pour les associer \u00e0 des visites physiques et \u00e0 des consultations d&#8217;autres informations de contact r\u00e9pertori\u00e9es par Google. Cela permet \u00e0 Google de faire une estimation des flux de visiteurs attendus. Pour le traitement, le service o nous-m\u00eames collectons les donn\u00e9es suivantes: Donn\u00e9es n\u00e9cessaires \u00e0 la visualisation et \u00e0 la repr\u00e9sentation des donn\u00e9es de localisation sous forme de carte, comme notamment l&#8217;adresse IP, les informations des services d&#8217;arri\u00e8re-plan de Google comme Google Apis, les termes de recherche, l&#8217;adresse IP, les coordonn\u00e9es, le lieu de d\u00e9part et le lieu d&#8217;arriv\u00e9e en cas d&#8217;utilisation du planificateur d&#8217;itin\u00e9raire, les donn\u00e9es de localisation, l&#8217;identifiant publicitaire Google, l&#8217;identifiant publicitaire Android. Nous avons conclu un accord de traitement conjoint avec Google en ce qui concerne Google Maps. Vous en trouverez le contenu sur <a href=\"https:\/\/privacy.google.com\/intl\/de\/businesses\/mapscontrollerterms\/\" target=\"_blank\" rel=\"noreferrer noopener\">https:\/\/privacy.google.com\/intl\/de\/businesses\/mapscontrollerterms\/<\/a>. si le service est activ\u00e9 sur notre site web, ce dernier se connecte aux serveurs de l&#8217;entreprise Google Ireland Limited et transmet les donn\u00e9es requises. Dans le cadre du traitement des commandes, les donn\u00e9es personnelles peuvent \u00e9galement \u00eatre transmises aux serveurs de l&#8217;entreprise Google LLC, 1600 Amphitheatre Parkway, 94043 Mountain View, \u00c9tats-Unis. lors de l&#8217;utilisation du service Google sur notre site Web, Google peut transmettre et traiter des informations provenant d&#8217;autres services Google afin de fournir des services d&#8217;arri\u00e8re-plan pour l&#8217;affichage et le traitement des donn\u00e9es des services fournis par Google. A cet effet, un traitement des donn\u00e9es est \u00e9galement effectu\u00e9, le cas \u00e9ch\u00e9ant, par les services Google Apis, Google Cloud et Google Fonts conform\u00e9ment \u00e0 la d\u00e9claration de confidentialit\u00e9 de Google sous la responsabilit\u00e9 de Google en mati\u00e8re de protection des donn\u00e9es. Vous pouvez consulter la certification du fournisseur dans le cadre de l&#8217;EU-US Data Privacy Framework sur <a href=\"https:\/\/www.dataprivacyframework.gov\/list\" target=\"_blank\" rel=\"noreferrer noopener\">https:\/\/www.dataprivacyframework.gov\/list<\/a>. Vous pouvez r\u00e9voquer votre consentement \u00e0 tout moment. Vous trouverez des informations d\u00e9taill\u00e9es sur la r\u00e9vocation de votre consentement soit dans le consentement lui-m\u00eame, soit \u00e0 la fin de la pr\u00e9sente d\u00e9claration de confidentialit\u00e9. Pour plus d&#8217;informations sur le traitement des donn\u00e9es transmises, veuillez consulter la politique de confidentialit\u00e9 du fournisseur \u00e0 l&#8217;adresse <a href=\"https:\/\/policies.google.com\/privacy\" target=\"_blank\" rel=\"noreferrer noopener\">https:\/\/policies.google.com\/privacy<\/a>. Le fournisseur offre en outre une possibilit\u00e9 d&#8217;opt-out sur le site <a href=\"https:\/\/support.google.com\/My-Ad-Center-Help\/answer\/12155451?hl=de\" target=\"_blank\" rel=\"noreferrer noopener\">https:\/\/support.google.com\/My-Ad-Center-Help\/answer\/12155451?hl=de<\/a>.<\/li>\n\n\n\n<li> Gstatic Nous utilisons sur notre site le service Gstatic de la soci\u00e9t\u00e9 Google Ireland Limited, Gordon House, Barrow Street, 4 Dublin, Irlande, courriel : <a href=\"mailto:support-deutschland@google.com\" target=\"_blank\" rel=\"noreferrer noopener\">support-deutschland@google.com<\/a>, site web : <a href=\"https:\/\/www.google.com\/\" target=\"_blank\" rel=\"noreferrer noopener\">https:\/\/www.google.com\/<\/a>. Selon les estimations des autorit\u00e9s suisses, le traitement a lieu dans des pays tiers s\u00fbrs. Vous trouverez la liste des pays de la Suisse ainsi que des informations compl\u00e9mentaires sur le lien suivant : <a href=\"https:\/\/www.edoeb.admin.ch\/edoeb\/de\/home\/datenschutz\/handel-und-wirtschaft\/uebermittlung-ins-ausland.html\" target=\"_blank\" rel=\"noreferrer noopener\">https:\/\/www.edoeb.admin.ch\/edoeb\/de\/home\/datenschutz\/handel-und-wirtschaft\/uebermittlung-ins-ausland.html<\/a>. Le transfert de donn\u00e9es \u00e0 caract\u00e8re personnel a \u00e9galement lieu vers les \u00c9tats-Unis. En ce qui concerne le transfert de donn\u00e9es \u00e0 caract\u00e8re personnel vers les \u00c9tats-Unis, il existe une d\u00e9cision d&#8217;ad\u00e9quation au cadre de protection des donn\u00e9es UE-\u00c9tats-Unis de la Commission europ\u00e9enne au sens de l&#8217;article 45 du RGPD (ci-apr\u00e8s : DPF &#8211; <a href=\"https:\/\/commission.europa.eu\/document\/fa09cbad-dd7d-4684-ae60-be03fcb0fddf_en\" target=\"_blank\" rel=\"noreferrer noopener\">https:\/\/commission.europa.eu\/document\/fa09cbad-dd7d-4684-ae60-be03fcb0fddf_en<\/a> ). L&#8217;exploitant du service est certifi\u00e9 dans le cadre du DPF, de sorte que le niveau de protection habituel du RGPD s&#8217;applique au transfert. La base juridique pour la transmission des donn\u00e9es personnelles est votre consentement conform\u00e9ment \u00e0 l&#8217;article 6, paragraphe 6, de la LPD ou \u00e0 l&#8217;article 31, paragraphe 2, de la LPD et \u00e0 l&#8217;article 6, paragraphe 1, point a), du RGPD ou \u00e0 l&#8217;article 9, paragraphe 2, point a), du RGPD, que vous avez donn\u00e9 sur notre site Internet. Gstatic est un service d&#8217;arri\u00e8re-plan utilis\u00e9 par Google pour r\u00e9cup\u00e9rer le contenu statique afin de r\u00e9duire l&#8217;utilisation de la bande passante et de pr\u00e9charger les fichiers de catalogue n\u00e9cessaires. Le service charge notamment des donn\u00e9es d&#8217;arri\u00e8re-plan pour Google Fonts et Google Maps. Dans le cadre du traitement des commandes, il peut \u00e9galement y avoir un transfert de donn\u00e9es personnelles vers les serveurs de l&#8217;entreprise Google LLC, 1600 Amphitheatre Parkway, 94043 Mountain View, \u00c9tats-Unis. Vous pouvez consulter la certification du fournisseur dans le cadre de l&#8217;EU-US Data Privacy Framework sur <a href=\"https:\/\/www.dataprivacyframework.gov\/list\" target=\"_blank\" rel=\"noreferrer noopener\">https:\/\/www.dataprivacyframework.gov\/list<\/a>. Vous pouvez r\u00e9voquer votre consentement \u00e0 tout moment. Vous trouverez des informations d\u00e9taill\u00e9es sur la r\u00e9vocation de votre consentement soit dans le consentement lui-m\u00eame, soit \u00e0 la fin de la pr\u00e9sente d\u00e9claration de confidentialit\u00e9. Pour plus d&#8217;informations sur le traitement des donn\u00e9es transmises, veuillez consulter la politique de confidentialit\u00e9 du fournisseur \u00e0 l&#8217;adresse <a href=\"https:\/\/policies.google.com\/privacy\" target=\"_blank\" rel=\"noreferrer noopener\">https:\/\/policies.google.com\/privacy<\/a>. Le fournisseur offre en outre une possibilit\u00e9 d&#8217;opt-out sur le site <a href=\"https:\/\/support.google.com\/My-Ad-Center-Help\/answer\/12155451?hl=de\" target=\"_blank\" rel=\"noreferrer noopener\">https:\/\/support.google.com\/My-Ad-Center-Help\/answer\/12155451?hl=de<\/a>.<\/li>\n<\/ul>\n\n\n\n<h2 class=\"wp-block-heading\" id=\"jsectionintgrationdeserviceswebexternesettraitementdesdonnesendehorsdelue\">Int\u00e9gration de services web externes et traitement des donn\u00e9es en dehors de l&#8217;UE<\/h2>\n\n\n\n<p>Sur notre site Internet, nous utilisons des contenus actifs de fournisseurs externes, appel\u00e9s services web. En acc\u00e9dant \u00e0 notre site Internet, ces fournisseurs externes peuvent recevoir des informations personnelles concernant votre visite sur notre site Internet. Dans ce cas, il est possible que des donn\u00e9es soient trait\u00e9es en dehors de la Suisse et de l&#8217;UE. Vous pouvez emp\u00eacher cela en installant un plug-in de navigateur appropri\u00e9 ou en d\u00e9sactivant l&#8217;ex\u00e9cution de scripts dans votre navigateur. Cela peut limiter les fonctionnalit\u00e9s des pages Internet que vous visitez.<\/p>\n\n\n\n<p>Nous utilisons les services web externes suivants :<\/p>\n\n\n\n<ul class=\"wp-block-list\">\n<li> Google Cloud APIs Nous utilisons sur notre site le service Google Cloud APIs de la soci\u00e9t\u00e9 Google Ireland Limited, Gordon House, Barrow Street, 4 Dublin, Irlande, courriel : <a href=\"mailto:support-deutschland@google.com\" target=\"_blank\" rel=\"noreferrer noopener\">support-deutschland@google.com<\/a>, site web : <a href=\"https:\/\/www.google.com\/\" target=\"_blank\" rel=\"noreferrer noopener\">https:\/\/www.google.com\/<\/a>. Selon les estimations des autorit\u00e9s suisses, le traitement a lieu dans des pays tiers s\u00fbrs. Vous trouverez la liste des pays de la Suisse ainsi que des informations compl\u00e9mentaires sur le lien suivant : <a href=\"https:\/\/www.edoeb.admin.ch\/edoeb\/de\/home\/datenschutz\/handel-und-wirtschaft\/uebermittlung-ins-ausland.html\" target=\"_blank\" rel=\"noreferrer noopener\">https:\/\/www.edoeb.admin.ch\/edoeb\/de\/home\/datenschutz\/handel-und-wirtschaft\/uebermittlung-ins-ausland.html<\/a>. Le transfert de donn\u00e9es \u00e0 caract\u00e8re personnel a \u00e9galement lieu vers les \u00c9tats-Unis. En ce qui concerne le transfert de donn\u00e9es \u00e0 caract\u00e8re personnel vers les \u00c9tats-Unis, il existe une d\u00e9cision d&#8217;ad\u00e9quation au cadre de protection des donn\u00e9es UE-\u00c9tats-Unis de la Commission europ\u00e9enne au sens de l&#8217;article 45 du RGPD (ci-apr\u00e8s : DPF &#8211; <a href=\"https:\/\/commission.europa.eu\/document\/fa09cbad-dd7d-4684-ae60-be03fcb0fddf_en\" target=\"_blank\" rel=\"noreferrer noopener\">https:\/\/commission.europa.eu\/document\/fa09cbad-dd7d-4684-ae60-be03fcb0fddf_en<\/a> ). L&#8217;exploitant du service est certifi\u00e9 dans le cadre du DPF, de sorte que le niveau de protection habituel du RGPD s&#8217;applique au transfert. La base juridique pour la transmission des donn\u00e9es personnelles est votre consentement conform\u00e9ment \u00e0 l&#8217;article 6, paragraphe 6, de la LPD ou \u00e0 l&#8217;article 31, paragraphe 2, de la LPD et \u00e0 l&#8217;article 6, paragraphe 1, point a), du RGPD ou \u00e0 l&#8217;article 9, paragraphe 2, point a), du RGPD, que vous avez donn\u00e9 sur notre site Internet. Nous utilisons les API Google pour charger d&#8217;autres services de Google sur le site Internet. Google Apis est un ensemble d&#8217;interfaces permettant la communication entre les diff\u00e9rents services Google utilis\u00e9s sur votre site. Le service est notamment utilis\u00e9 pour afficher les polices Google Fonts et pour fournir la carte Google Maps. Pour le traitement, le service o nous-m\u00eames collectons les donn\u00e9es suivantes: Adresse IP Si le service est activ\u00e9 sur notre site web, celui-ci se connecte aux serveurs de l&#8217;entreprise Google Ireland Limited et transf\u00e8re les donn\u00e9es requises. Dans le cadre du traitement des commandes, les donn\u00e9es personnelles peuvent \u00e9galement \u00eatre transmises aux serveurs de l&#8217;entreprise Google LLC, 1600 Amphitheatre Parkway, 94043 Mountain View, \u00c9tats-Unis. lors de l&#8217;utilisation du service Google sur notre site Web, Google peut transmettre et traiter des informations provenant d&#8217;autres services Google afin de fournir des services d&#8217;arri\u00e8re-plan pour l&#8217;affichage et le traitement des donn\u00e9es des services fournis par Google. \u00c0 cet effet, une transmission de donn\u00e9es aux services Google Cloud, Google Maps, Google Ads et Google Fonts a \u00e9galement lieu, le cas \u00e9ch\u00e9ant, conform\u00e9ment \u00e0 la d\u00e9claration de confidentialit\u00e9 de Google sous la responsabilit\u00e9 de Google en mati\u00e8re de protection des donn\u00e9es. Vous pouvez consulter la certification du fournisseur dans le cadre de l&#8217;EU-US Data Privacy Framework sur <a href=\"https:\/\/www.dataprivacyframework.gov\/list\" target=\"_blank\" rel=\"noreferrer noopener\">https:\/\/www.dataprivacyframework.gov\/list<\/a>. Vous pouvez r\u00e9voquer votre consentement \u00e0 tout moment. Vous trouverez des informations d\u00e9taill\u00e9es sur la r\u00e9vocation de votre consentement soit dans le consentement lui-m\u00eame, soit \u00e0 la fin de la pr\u00e9sente d\u00e9claration de confidentialit\u00e9. Pour plus d&#8217;informations sur le traitement des donn\u00e9es transmises, veuillez consulter la politique de confidentialit\u00e9 du fournisseur \u00e0 l&#8217;adresse <a href=\"https:\/\/policies.google.com\/privacy\" target=\"_blank\" rel=\"noreferrer noopener\">https:\/\/policies.google.com\/privacy<\/a>. Le fournisseur offre en outre une possibilit\u00e9 d&#8217;opt-out sur le site <a href=\"https:\/\/support.google.com\/My-Ad-Center-Help\/answer\/12155451?hl=de\" target=\"_blank\" rel=\"noreferrer noopener\">https:\/\/support.google.com\/My-Ad-Center-Help\/answer\/12155451?hl=de<\/a>.<\/li>\n\n\n\n<li> Google Fonts Nous utilisons sur notre site le service Google Fonts de la soci\u00e9t\u00e9 Google Ireland Limited, Gordon House, Barrow Street, 4 Dublin, Irlande, courriel : <a href=\"mailto:support-deutschland@google.com\" target=\"_blank\" rel=\"noreferrer noopener\">support-deutschland@google.com<\/a>, site web : <a href=\"https:\/\/www.google.com\/\" target=\"_blank\" rel=\"noreferrer noopener\">https:\/\/www.google.com\/<\/a>. Selon les estimations des autorit\u00e9s suisses, le traitement a lieu dans des pays tiers s\u00fbrs. Vous trouverez la liste des pays de la Suisse ainsi que des informations compl\u00e9mentaires sur le lien suivant : <a href=\"https:\/\/www.edoeb.admin.ch\/edoeb\/de\/home\/datenschutz\/handel-und-wirtschaft\/uebermittlung-ins-ausland.html\" target=\"_blank\" rel=\"noreferrer noopener\">https:\/\/www.edoeb.admin.ch\/edoeb\/de\/home\/datenschutz\/handel-und-wirtschaft\/uebermittlung-ins-ausland.html<\/a>. Le transfert de donn\u00e9es \u00e0 caract\u00e8re personnel a \u00e9galement lieu vers les \u00c9tats-Unis. En ce qui concerne le transfert de donn\u00e9es \u00e0 caract\u00e8re personnel vers les \u00c9tats-Unis, il existe une d\u00e9cision d&#8217;ad\u00e9quation au cadre de protection des donn\u00e9es UE-\u00c9tats-Unis de la Commission europ\u00e9enne au sens de l&#8217;article 45 du RGPD (ci-apr\u00e8s : DPF &#8211; <a href=\"https:\/\/commission.europa.eu\/document\/fa09cbad-dd7d-4684-ae60-be03fcb0fddf_en\" target=\"_blank\" rel=\"noreferrer noopener\">https:\/\/commission.europa.eu\/document\/fa09cbad-dd7d-4684-ae60-be03fcb0fddf_en<\/a> ). L&#8217;exploitant du service est certifi\u00e9 dans le cadre du DPF, de sorte que le niveau de protection habituel du RGPD s&#8217;applique au transfert. La base juridique pour la transmission des donn\u00e9es personnelles est votre consentement conform\u00e9ment \u00e0 l&#8217;article 6, paragraphe 6, de la LPD ou \u00e0 l&#8217;article 31, paragraphe 2, de la LPD et \u00e0 l&#8217;article 6, paragraphe 1, point a), du RGPD ou \u00e0 l&#8217;article 9, paragraphe 2, point a), du RGPD, que vous avez donn\u00e9 sur notre site Internet. Nous utilisons le service Google Fonts pour int\u00e9grer des polices de caract\u00e8res attrayantes sur notre site afin de vous permettre d&#8217;afficher notre site web dans une version plus agr\u00e9able \u00e0 l&#8217;\u0153il. Le service peut \u00e9galement \u00eatre utilis\u00e9 sur notre site web lorsque d&#8217;autres services Google sont charg\u00e9s sur notre site web et n\u00e9cessitent des polices Google Fonts pour fonctionner. C&#8217;est le cas, par exemple, lorsque notre site web utilise des services Google qui n\u00e9cessitent imp\u00e9rativement l&#8217;utilisation de Google Fonts. Pour le traitement, le service o nous-m\u00eames collectons les donn\u00e9es suivantes: Donn\u00e9es sur les polices, adresse IP du visiteur du site, statistiques sur l&#8217;utilisation des polices et autres donn\u00e9es des services Google relatives \u00e0 notre site web. Si le service est activ\u00e9 sur notre site web, ce dernier se connecte aux serveurs de l&#8217;entreprise Google Ireland Limited et transmet les donn\u00e9es requises. Dans le cadre du traitement des commandes, les donn\u00e9es personnelles peuvent \u00e9galement \u00eatre transmises aux serveurs de l&#8217;entreprise Google LLC, 1600 Amphitheatre Parkway, 94043 Mountain View, \u00c9tats-Unis. lors de l&#8217;utilisation du service Google sur notre site Web, Google peut transmettre et traiter des informations provenant d&#8217;autres services Google afin de fournir des services d&#8217;arri\u00e8re-plan pour l&#8217;affichage et le traitement des donn\u00e9es des services fournis par Google. Pour ce faire, une transmission de donn\u00e9es aux services Google Apis, Google Cloud et Google Ads a \u00e9galement lieu le cas \u00e9ch\u00e9ant, conform\u00e9ment \u00e0 la d\u00e9claration de confidentialit\u00e9 de Google. Vous pouvez consulter la certification du fournisseur dans le cadre de l&#8217;EU-US Data Privacy Framework sur <a href=\"https:\/\/www.dataprivacyframework.gov\/list\" target=\"_blank\" rel=\"noreferrer noopener\">https:\/\/www.dataprivacyframework.gov\/list<\/a>. Vous pouvez r\u00e9voquer votre consentement \u00e0 tout moment. Vous trouverez des informations d\u00e9taill\u00e9es sur la r\u00e9vocation de votre consentement soit dans le consentement lui-m\u00eame, soit \u00e0 la fin de la pr\u00e9sente d\u00e9claration de confidentialit\u00e9. Pour plus d&#8217;informations sur le traitement des donn\u00e9es transmises, veuillez consulter la politique de confidentialit\u00e9 du fournisseur \u00e0 l&#8217;adresse <a href=\"https:\/\/policies.google.com\/privacy\" target=\"_blank\" rel=\"noreferrer noopener\">https:\/\/policies.google.com\/privacy<\/a>. Le fournisseur offre en outre une possibilit\u00e9 d&#8217;opt-out sur le site <a href=\"https:\/\/support.google.com\/My-Ad-Center-Help\/answer\/12155451?hl=de\" target=\"_blank\" rel=\"noreferrer noopener\">https:\/\/support.google.com\/My-Ad-Center-Help\/answer\/12155451?hl=de<\/a>.<\/li>\n\n\n\n<li> Legally ok Nous utilisons sur notre site le service Legally ok de la soci\u00e9t\u00e9 Legally ok GmbH, Schochenm\u00fchlestrasse 6, 6340 Baar, Suisse, courriel : <a href=\"mailto:hello@legally-ok.com\" target=\"_blank\" rel=\"noreferrer noopener\">hello@legally-ok.com<\/a>, site web : <a href=\"https:\/\/www.legally-ok.com\/\" target=\"_blank\" rel=\"noreferrer noopener\">https:\/\/www.legally-ok.com\/<\/a>. Le traitement est effectu\u00e9 exclusivement en Suisse, conform\u00e9ment \u00e0 la l\u00e9gislation sur la protection des donn\u00e9es en vigueur dans ce pays. Le traitement est \u00e9galement effectu\u00e9 dans un pays tiers en dehors de l&#8217;UE. Ce pays tiers fait l&#8217;objet d&#8217;une d\u00e9cision d&#8217;ad\u00e9quation de la Commission. Sur le site de la Commission europ\u00e9enne (lien : <a href=\"https:\/\/ec.europa.eu\/info\/law\/law-topic\/data-protection\/international-dimension-data-protection\/adequacy-decisions_de\" target=\"_blank\" rel=\"noreferrer noopener\">https:\/\/ec.europa.eu\/info\/law\/law-topic\/data-protection\/international-dimension-data-protection\/adequacy-decisions_de<\/a>), vous trouverez une liste actualis\u00e9e de toutes les d\u00e9cisions d&#8217;ad\u00e9quation. La base juridique pour le transfert et le traitement est l&#8217;article 31, paragraphe 1, de la LPD et l&#8217;article 6, paragraphe 1, point c), du RGPD. L&#8217;utilisation de ce service nous aide \u00e0 remplir nos obligations l\u00e9gales. Ce service permet de t\u00e9l\u00e9charger sur notre site Internet le contenu de nos textes juridiques. L&#8217;int\u00e9gration effectu\u00e9e sur notre site permet de t\u00e9l\u00e9charger les textes juridiques actuels. Cette int\u00e9gration permet \u00e9galement de charger, le cas \u00e9ch\u00e9ant, d&#8217;autres modules techniques relatifs aux textes juridiques ou aux \u00e9l\u00e9ments n\u00e9cessaires sur le plan juridique. Vous trouverez \u00e0 la fin de cette d\u00e9claration de confidentialit\u00e9 les droits dont vous disposez en mati\u00e8re de traitement. Pour plus d&#8217;informations sur le traitement des donn\u00e9es transmises, veuillez consulter la politique de confidentialit\u00e9 du fournisseur \u00e0 l&#8217;adresse <a href=\"https:\/\/www.legally-ok.com\/datenschutz\/\" target=\"_blank\" rel=\"noreferrer noopener\">https:\/\/www.legally-ok.com\/datenschutz\/<\/a>.<\/li>\n<\/ul>\n\n\n\n<h2 class=\"wp-block-heading\" id=\"jsectioninformationssurlutilisationdescookies\">Informations sur l&#8217;utilisation des cookies<\/h2>\n\n\n\n<h3 class=\"wp-block-heading\" id=\"jsectionportedutraitementdesdonnespersonnelles\">Port\u00e9e du traitement des donn\u00e9es personnelles<\/h3>\n\n\n\n<p>Sur diff\u00e9rentes pages, nous int\u00e9grons et utilisons des cookies afin de permettre certaines fonctions de notre site web et d&#8217;int\u00e9grer des services web externes. Les &#8220;cookies&#8221; sont de petits fichiers texte que votre navigateur peut stocker sur votre p\u00e9riph\u00e9rique d&#8217;acc\u00e8s. Ces fichiers texte contiennent une cha\u00eene de caract\u00e8res caract\u00e9ristique qui identifie de mani\u00e8re unique le navigateur lorsque vous revenez sur notre site. Le processus d&#8217;enregistrement d&#8217;un fichier cookie est \u00e9galement appel\u00e9 &#8220;installation d&#8217;un cookie&#8221;. Les cookies peuvent \u00eatre plac\u00e9s par le site web lui-m\u00eame ou par des services web externes.<\/p>\n\n\n\n<h3 class=\"wp-block-heading\" id=\"jsectionbasejuridiquepourletraitementdesdonnespersonnelles\">Base juridique pour le traitement des donn\u00e9es personnelles<\/h3>\n\n\n\n<p>Les articles 6 et suivants du RGPD sont pertinents. LPD (principes) ainsi que l&#8217;article 6, paragraphe 1, lettre f du RGPD (int\u00e9r\u00eat l\u00e9gitime) ou l&#8217;article 6, paragraphe 1, lettre a ou l&#8217;article 9, paragraphe 2, lettre a du RGPD (consentement).<\/p>\n\n\n\n<p>Pour savoir quelle est la base juridique pertinente, veuillez consulter le tableau des cookies mentionn\u00e9 plus loin dans ce point.<\/p>\n\n\n\n<p>En r\u00e8gle g\u00e9n\u00e9rale, lorsque les cookies sont collect\u00e9s sur la base d&#8217;un int\u00e9r\u00eat l\u00e9gitime, notre int\u00e9r\u00eat l\u00e9gitime consiste \u00e0 garantir la fonctionnalit\u00e9 de notre site web et des services qui y sont int\u00e9gr\u00e9s (cookies techniquement n\u00e9cessaires). En outre, il se peut que les cookies am\u00e9liorent leur convivialit\u00e9 et permettent une approche plus personnalis\u00e9e. Dans ce cas, nous avons mis en balance vos int\u00e9r\u00eats et les n\u00f4tres.<\/p>\n\n\n\n<p>La technologie des cookies nous permet d&#8217;identifier, d&#8217;analyser et de suivre les visiteurs individuels du site Web uniquement si le visiteur du site Web a consenti \u00e0 l&#8217;utilisation du cookie conform\u00e9ment \u00e0 l&#8217;article 6, paragraphe 6, de la LPD ou \u00e0 l&#8217;article 6, paragraphe 1, point a), du RGPD.<\/p>\n\n\n\n<h3 class=\"wp-block-heading\" id=\"jsectionfinalitdutraitementdesdonnes\">Finalit\u00e9 du traitement des donn\u00e9es<\/h3>\n\n\n\n<p>Les cookies sont plac\u00e9s par notre site web ou par les services web externes afin de maintenir la pleine fonctionnalit\u00e9 de notre site web, d&#8217;am\u00e9liorer la facilit\u00e9 d&#8217;utilisation ou de poursuivre l&#8217;objectif indiqu\u00e9 avec votre consentement. La technologie des cookies nous permet \u00e9galement de reconna\u00eetre les visiteurs individuels gr\u00e2ce \u00e0 des pseudonymes, par exemple un identifiant individuel ou al\u00e9atoire, afin que nous puissions fournir des services plus personnalis\u00e9s. Les d\u00e9tails sont donn\u00e9s dans le tableau ci-dessous.<\/p>\n\n\n\n<h3 class=\"wp-block-heading\" id=\"jsectionduredeconservation\">Dur\u00e9e de conservation<\/h3>\n\n\n\n<p>Les cookies \u00e9num\u00e9r\u00e9s ci-dessous sont stock\u00e9s dans votre navigateur jusqu&#8217;\u00e0 leur suppression ou, dans le cas d&#8217;un cookie de session, jusqu&#8217;\u00e0 l&#8217;expiration de la session. Les d\u00e9tails sont donn\u00e9s dans le tableau ci-dessous :<\/p>\n\n\n\n<figure class=\"wp-block-table\"><table class=\"has-fixed-layout\"><thead><tr><th>Nom du cookie<\/th><th>Serveur<\/th><th>Fournisseur<\/th><th>Objectif<\/th><th>Base juridique<\/th><th>Dur\u00e9e de stockage<\/th><th>Type<\/th><\/tr><\/thead><tbody><tr><td>wp-wpml_current_language<\/td><td><a href=\"http:\/\/www.pro-action.ch\" rel=\"noreferrer noopener\" target=\"_blank\">www.pro-action.ch<\/a>, pro-action.ch<\/td><td>Op\u00e9rateur de site web](#responsible-entity)<\/td><td>Le cookie enregistre les pr\u00e9f\u00e9rences linguistiques ou reconna\u00eet la langue du navigateur et dirige l&#8217;utilisateur de ce site web directement vers le contenu multilingue appropri\u00e9.<\/td><td>Consentement<\/td><td>R\u00e9union<\/td><td>Configuration<\/td><\/tr><\/tbody><\/table><\/figure>\n\n\n\n<p id=\"jsectioncookiebannerconfig\">Si des cookies ont \u00e9t\u00e9 install\u00e9s sur la base de votre consentement, vous pouvez r\u00e9voquer votre consentement \u00e0 tout moment dans les param\u00e8tres de cookies de la banni\u00e8re de cookies. Vous pouvez adapter les param\u00e8tres des cookies <a href=\"javascript:window.document.cookieBanner.show()\">ici<\/a>.<\/p>\n\n\n\n<h3 class=\"wp-block-heading\" id=\"jsectionpossibilitdoppositionderetraitduconsentementetdesuppression\">Possibilit\u00e9 d&#8217;opposition, de retrait du consentement et de suppression<\/h3>\n\n\n\n<p>Vous pouvez configurer votre navigateur comme vous le souhaitez afin d&#8217;emp\u00eacher l&#8217;installation de cookies. Vous pouvez alors d\u00e9cider au cas par cas d&#8217;accepter ou non les cookies. Les cookies peuvent \u00eatre utilis\u00e9s \u00e0 diff\u00e9rentes fins, par exemple pour reconna\u00eetre que votre appareil d&#8217;acc\u00e8s est d\u00e9j\u00e0 connect\u00e9 \u00e0 notre site web (cookies permanents) ou pour m\u00e9moriser les derni\u00e8res offres consult\u00e9es (cookies de session). Si vous nous avez express\u00e9ment donn\u00e9 l&#8217;autorisation de traiter vos donn\u00e9es personnelles, vous pouvez retirer votre consentement \u00e0 tout moment. Veuillez noter que cela n&#8217;affecte pas la l\u00e9galit\u00e9 du traitement effectu\u00e9 sur la base du consentement jusqu&#8217;\u00e0 sa r\u00e9vocation.<\/p>\n\n\n\n<h2 class=\"wp-block-heading\" id=\"jsectionscuritetconfidentialitdesdonnescommunicationparcourriel\">S\u00e9curit\u00e9 et confidentialit\u00e9 des donn\u00e9es, communication par courriel<\/h2>\n\n\n\n<p>Vos donn\u00e9es personnelles sont prot\u00e9g\u00e9es par des mesures techniques et organisationnelles lors de leur collecte, de leur stockage et de leur traitement de mani\u00e8re \u00e0 ce qu&#8217;elles ne soient pas accessibles \u00e0 des tiers. En cas de communication non crypt\u00e9e par courriel, nous ne pouvons pas garantir la s\u00e9curit\u00e9 totale des donn\u00e9es lors de la transmission \u00e0 nos syst\u00e8mes informatiques, de sorte que nous recommandons une communication crypt\u00e9e ou la voie postale pour les informations n\u00e9cessitant un haut degr\u00e9 de confidentialit\u00e9.<\/p>\n\n\n\n<h2 class=\"wp-block-heading\" id=\"jsectionduredeconservationdesdonnesetdroitsdelapersonneconcerne\">Dur\u00e9e de conservation des donn\u00e9es et droits de la personne concern\u00e9e<\/h2>\n\n\n\n<h3 class=\"wp-block-heading\" id=\"jsectionduredeconservation\">Dur\u00e9e de conservation<\/h3>\n\n\n\n<p>Nous ne conservons les donn\u00e9es personnelles que dans la mesure et pour la dur\u00e9e n\u00e9cessaire \u00e0 la r\u00e9alisation des objectifs pour lesquels les donn\u00e9es personnelles ont \u00e9t\u00e9 collect\u00e9es, nous avons un int\u00e9r\u00eat l\u00e9gitime pr\u00e9pond\u00e9rant \u00e0 les conserver ou sommes tenus de le faire par la loi.<\/p>\n\n\n\n<h3 class=\"wp-block-heading\" id=\"jsectiondroitlinformation\">Droit \u00e0 l&#8217;information<\/h3>\n\n\n\n<p>Vous avez le droit de demander la confirmation que nous traitons ou non des donn\u00e9es \u00e0 caract\u00e8re personnel vous concernant. Si c&#8217;est le cas, vous avez le droit d&#8217;acc\u00e9der aux informations vis\u00e9es aux articles 25 et suivants de la loi sur la protection des donn\u00e9es. LPD ou \u00e0 l&#8217;article 15, paragraphe 1 du RGPD, dans la mesure o\u00f9 le ma\u00eetre du fichier ne peut pas refuser, restreindre ou diff\u00e9rer l&#8217;acc\u00e8s (cf. art. 26 s. LPD ou art. 15, paragraphe 4, RGPD). Nous nous ferons \u00e9galement un plaisir de vous fournir une copie des donn\u00e9es.<\/p>\n\n\n\n<h3 class=\"wp-block-heading\" id=\"jsectiondroitderectification\">Droit de rectification<\/h3>\n\n\n\n<p>Conform\u00e9ment \u00e0 l&#8217;article 32, paragraphe 1, de la LPD ou \u00e0 l&#8217;article 16 du RGPD, vous avez le droit d&#8217;exiger que les donn\u00e9es \u00e0 caract\u00e8re personnel (telles que l&#8217;adresse, le nom, etc.) enregistr\u00e9es de mani\u00e8re incorrecte soient rectifi\u00e9es, dans la mesure o\u00f9 aucune obligation l\u00e9gale ne s&#8217;oppose \u00e0 ce droit. Vous pouvez \u00e9galement demander \u00e0 tout moment que les donn\u00e9es que nous avons enregistr\u00e9es soient compl\u00e9t\u00e9es. Nous proc\u00e9derons imm\u00e9diatement \u00e0 l&#8217;adaptation correspondante.<\/p>\n\n\n\n<h3 class=\"wp-block-heading\" id=\"jsectiondroitleffacement\">Droit \u00e0 l&#8217;effacement<\/h3>\n\n\n\n<p>Conform\u00e9ment \u00e0 l&#8217;article 17, paragraphe 1, du RGPD, vous avez le droit de nous demander de supprimer les donn\u00e9es personnelles que nous avons collect\u00e9es \u00e0 votre sujet si<\/p>\n\n\n\n<ul class=\"wp-block-list\">\n<li>soit les donn\u00e9es ne sont plus n\u00e9cessaires ;<\/li>\n\n\n\n<li>en raison du retrait de votre consentement, la base juridique du traitement a disparu sans \u00eatre remplac\u00e9e ;<\/li>\n\n\n\n<li>s&#8217;il n&#8217;existe plus de motifs l\u00e9gitimes pour le traitement ;<\/li>\n\n\n\n<li>vos donn\u00e9es sont trait\u00e9es ill\u00e9galement ;<\/li>\n\n\n\n<li>une obligation l\u00e9gale l&#8217;exige.<\/li>\n<\/ul>\n\n\n\n<p>Conform\u00e9ment \u00e0 l&#8217;article 17, paragraphe 3, du RGPD, ce droit n&#8217;existe pas si<\/p>\n\n\n\n<ul class=\"wp-block-list\">\n<li>le traitement est n\u00e9cessaire \u00e0 l&#8217;exercice du droit \u00e0 la libert\u00e9 d&#8217;expression et d&#8217;information ;<\/li>\n\n\n\n<li>vos donn\u00e9es ont \u00e9t\u00e9 collect\u00e9es sur la base d&#8217;une obligation l\u00e9gale ;<\/li>\n\n\n\n<li>le traitement est n\u00e9cessaire pour des raisons d&#8217;int\u00e9r\u00eat public ;<\/li>\n\n\n\n<li>les donn\u00e9es sont n\u00e9cessaires \u00e0 la constatation, \u00e0 l&#8217;exercice ou \u00e0 la d\u00e9fense d&#8217;un droit en justice.<\/li>\n<\/ul>\n\n\n\n<h3 class=\"wp-block-heading\" id=\"jsectiondroitlalimitationdutraitement\">Droit \u00e0 la limitation du traitement<\/h3>\n\n\n\n<p>Conform\u00e9ment \u00e0 l&#8217;article 18, paragraphe 1 du RGPD, vous avez le droit, dans certains cas, de demander la limitation du traitement de vos donn\u00e9es personnelles.<\/p>\n\n\n\n<p>C&#8217;est le cas lorsque<\/p>\n\n\n\n<ul class=\"wp-block-list\">\n<li>l&#8217;exactitude des donn\u00e9es personnelles est contest\u00e9e par vous ;<\/li>\n\n\n\n<li>le traitement est ill\u00e9gal et vous ne consentez pas \u00e0 l&#8217;effacement ;<\/li>\n\n\n\n<li>les donn\u00e9es ne sont plus n\u00e9cessaires aux fins du traitement, mais les donn\u00e9es collect\u00e9es servent \u00e0 la constatation, \u00e0 l&#8217;exercice ou \u00e0 la d\u00e9fense de droits en justice ;<\/li>\n\n\n\n<li>une opposition au traitement a \u00e9t\u00e9 formul\u00e9e conform\u00e9ment \u00e0 l&#8217;article 21, paragraphe 1 du RGPD et il n&#8217;est pas encore clair quels int\u00e9r\u00eats pr\u00e9valent.<\/li>\n<\/ul>\n\n\n\n<h3 class=\"wp-block-heading\" id=\"jsectiondroitdertractation\">Droit de r\u00e9tractation<\/h3>\n\n\n\n<p>Si vous nous avez donn\u00e9 votre consentement explicite au traitement de vos donn\u00e9es personnelles (article 6, paragraphe 6, de la LPD et article 31, paragraphe 1, de la LPD ; article 6, paragraphe 1, point a), du RGPD ou article 9, paragraphe 2, point a), du RGPD), vous pouvez le r\u00e9voquer \u00e0 tout moment. Veuillez noter que cela n&#8217;affecte pas la l\u00e9galit\u00e9 du traitement effectu\u00e9 sur la base du consentement jusqu&#8217;\u00e0 sa r\u00e9vocation. Les donn\u00e9es que nous sommes l\u00e9galement tenus de conserver seront supprim\u00e9es \u00e0 l&#8217;expiration du d\u00e9lai.<\/p>\n\n\n\n<h3 class=\"wp-block-heading\" id=\"jsectiondroitdopposition\">Droit d&#8217;opposition<\/h3>\n\n\n\n<p>Conform\u00e9ment \u00e0 l&#8217;article 21 du RGPD, vous avez le droit de vous opposer \u00e0 tout moment au traitement des donn\u00e9es \u00e0 caract\u00e8re personnel vous concernant qui ont \u00e9t\u00e9 collect\u00e9es sur la base de l&#8217;article 6, paragraphe 1, point f) du RGPD (dans le cadre d&#8217;un int\u00e9r\u00eat l\u00e9gitime). Si vous nous avez donn\u00e9 votre consentement explicite au traitement de vos donn\u00e9es personnelles (article 6, paragraphe 6, de la LPD et article 31, paragraphe 1, de la LPD), vous pouvez le r\u00e9voquer \u00e0 tout moment. Veuillez noter que cela n&#8217;affecte pas la l\u00e9galit\u00e9 du traitement effectu\u00e9 sur la base du consentement jusqu&#8217;\u00e0 la r\u00e9vocation. Ce droit ne vous est accord\u00e9 que si des circonstances particuli\u00e8res s&#8217;opposent au stockage et au traitement. Les donn\u00e9es que nous sommes l\u00e9galement tenus de conserver seront supprim\u00e9es \u00e0 l&#8217;expiration du d\u00e9lai.<\/p>\n\n\n\n<h3 class=\"wp-block-heading\" id=\"jsectioncommentexercezvousvosdroits\">Comment exercez-vous vos droits ?<\/h3>\n\n\n\n<p>Vous pouvez exercer vos droits \u00e0 tout moment en nous contactant aux coordonn\u00e9es ci-dessous :<\/p>\n\n\n\n<p>Madeleine B\u00e4hler<br>Rothbergstrasse 4<br>4132 Muttenz<br>Suisse<br>Courriel <a href=\"mailto:info@pro-action.ch\" rel=\"noreferrer noopener\" target=\"_blank\">info@pro-action.ch<\/a><br>T\u00e9l +41 (0) 61 312 03 11<\/p>\n\n\n\n<h2 class=\"wp-block-heading\" id=\"jsectiondroitlaportabilitdesdonnes\">Droit \u00e0 la portabilit\u00e9 des donn\u00e9es<\/h2>\n\n\n\n<p>Conform\u00e9ment \u00e0 l&#8217;article 20 du RGPD, vous avez le droit de recevoir les donn\u00e9es \u00e0 caract\u00e8re personnel vous concernant. Nous vous fournirons les donn\u00e9es dans un format structur\u00e9, couramment utilis\u00e9 et lisible par machine. Les donn\u00e9es peuvent \u00eatre envoy\u00e9es \u00e0 vous-m\u00eame ou \u00e0 un responsable d\u00e9sign\u00e9 par vous.<\/p>\n\n\n\n<p>Nous vous fournissons les donn\u00e9es suivantes sur demande :<\/p>\n\n\n\n<ul class=\"wp-block-list\">\n<li>Donn\u00e9es collect\u00e9es sur la base d&#8217;un consentement (art. 31, paragraphe 1, LPD et art. 6, paragraphe 1, point a), RGPD) ;<\/li>\n\n\n\n<li>Donn\u00e9es que nous avons obtenues de vous dans le cadre de contrats existants (art. 31, paragraphe 2, point a) LPD ainsi que art. 6, paragraphe 1, point b) RGPD et art. 9, paragraphe 2, point a) RGPD) ;<\/li>\n\n\n\n<li>Les donn\u00e9es qui ont \u00e9t\u00e9 trait\u00e9es dans le cadre d&#8217;une proc\u00e9dure automatis\u00e9e.<\/li>\n<\/ul>\n\n\n\n<p>Nous transf\u00e9rerons les donn\u00e9es personnelles directement \u00e0 un responsable de votre choix, dans la mesure o\u00f9 cela est techniquement possible. Veuillez noter que nous ne pouvons pas transf\u00e9rer les donn\u00e9es qui portent atteinte aux int\u00e9r\u00eats pr\u00e9pond\u00e9rants de tiers, ou seulement de mani\u00e8re limit\u00e9e, conform\u00e9ment \u00e0 l&#8217;article 26, paragraphe 1, point b), de la LPD et \u00e0 l&#8217;article 20, paragraphe 4, du RGPD.<\/p>\n\n\n\n<h2 class=\"wp-block-heading\" id=\"jsectioncommunicationsaupfpdtetpossibilitdeplainte\">Communications au PFPDT et possibilit\u00e9 de plainte<\/h2>\n\n\n\n<p>Conform\u00e9ment \u00e0 l&#8217;article 49 de la LPD, les personnes concern\u00e9es peuvent d\u00e9poser une plainte aupr\u00e8s de l&#8217;autorit\u00e9 de surveillance s&#8217;il existe suffisamment d&#8217;indices qu&#8217;un traitement de donn\u00e9es pourrait enfreindre les r\u00e8gles de protection des donn\u00e9es. L&#8217;autorit\u00e9 de surveillance pour la protection des donn\u00e9es en Suisse est le Pr\u00e9pos\u00e9 f\u00e9d\u00e9ral \u00e0 la protection des donn\u00e9es et \u00e0 la transparence (PFPDT).<\/p>\n\n\n\n<p>Pour plus d&#8217;informations, veuillez consulter le formulaire de contact du PFPDT : <a href=\"https:\/\/www.edoeb.admin.ch\/edoeb\/de\/home\/deredoeb\/kontakt.html\" rel=\"noreferrer noopener\" target=\"_blank\">https:\/\/www.edoeb.admin.ch\/edoeb\/de\/home\/deredoeb\/kontakt.html<\/a><\/p>\n\n\n\n<p>Si vous soup\u00e7onnez que vos donn\u00e9es sont trait\u00e9es ill\u00e9galement sur notre site, vous pouvez demander une clarification judiciaire de la probl\u00e9matique conform\u00e9ment \u00e0 l&#8217;article 32 de la LPD. En r\u00e8gle g\u00e9n\u00e9rale, une action en justice doit \u00eatre engag\u00e9e conform\u00e9ment aux articles 28 et suivants du Code civil. CC doit \u00eatre envisag\u00e9e. Si vous \u00eates concern\u00e9 par un traitement de donn\u00e9es par des organes f\u00e9d\u00e9raux, la proc\u00e9dure est r\u00e9gie par l&#8217;article 41 LPD. Dans ce cas \u00e9galement, vous pouvez contacter le PFPDT (voir la r\u00e9f\u00e9rence au formulaire de contact ci-dessus).<\/p>\n\n\n\n<h2 class=\"wp-block-heading\" id=\"jsectiondroitderecoursauprsdelautoritdecontrleconformmentlarticle77paragraphe1durgpd\">Droit de recours aupr\u00e8s de l&#8217;autorit\u00e9 de contr\u00f4le conform\u00e9ment \u00e0 l&#8217;article 77, paragraphe 1 du RGPD<\/h2>\n\n\n\n<p>Si vous soup\u00e7onnez que vos donn\u00e9es sont trait\u00e9es ill\u00e9galement sur notre site, vous pouvez bien entendu demander \u00e0 tout moment une clarification judiciaire de la probl\u00e9matique. En outre, toute autre possibilit\u00e9 juridique vous est ouverte. Ind\u00e9pendamment de cela, vous avez la possibilit\u00e9 de vous adresser \u00e0 une autorit\u00e9 de surveillance conform\u00e9ment \u00e0 l&#8217;article 77, paragraphe 1 du RGPD. Le droit de recours selon l&#8217;art. 77 RGPD vous est ouvert dans l&#8217;\u00c9tat membre de l&#8217;UE de votre lieu de r\u00e9sidence, de votre lieu de travail et\/ou du lieu de l&#8217;infraction pr\u00e9sum\u00e9e, c&#8217;est-\u00e0-dire que vous pouvez choisir l&#8217;autorit\u00e9 de contr\u00f4le \u00e0 laquelle vous vous adressez parmi les lieux susmentionn\u00e9s. L&#8217;autorit\u00e9 de contr\u00f4le aupr\u00e8s de laquelle la r\u00e9clamation a \u00e9t\u00e9 d\u00e9pos\u00e9e vous informera alors de l&#8217;\u00e9tat et des r\u00e9sultats de votre requ\u00eate, y compris de la possibilit\u00e9 d&#8217;un recours juridictionnel conform\u00e9ment \u00e0 l&#8217;article 78 du RGPD.<\/p>\n\n\n\n<p><a href=\"https:\/\/www.legally-ok.com\/dse-legally-free\/\"><\/a><\/p>\n\n\n\n<figure class=\"gb-block-image gb-block-image-88f6e55f\"><a href=\"https:\/\/www.legally-ok.com\/dse-legally-free\/\" target=\"_blank\" rel=\"noopener noreferrer\"><img loading=\"lazy\" decoding=\"async\" width=\"105\" height=\"103\" class=\"gb-image gb-image-88f6e55f\" src=\"https:\/\/www.pro-action.ch\/wp-content\/uploads\/2025\/11\/LegallyOK.png\" alt=\"\" title=\"LegallyOK\"\/><\/a><\/figure>\n\n\n\n<h2 class=\"wp-block-heading\">Legally ok &#8211; Solution de protection des donn\u00e9es pour les sites web &#8211; D\u00e9claration de confidentialit\u00e9, mentions l\u00e9gales, banni\u00e8re de cookies<\/h2>\n\n\n\n<p>La d\u00e9claration de confidentialit\u00e9, les mentions l\u00e9gales et le bandeau de cookies de ce site web ont \u00e9t\u00e9 cr\u00e9\u00e9s gratuitement avec la solution de protection des donn\u00e9es tout-en-un pour sites web <a href=\"https:\/\/www.legally-ok.com\/dse-legally-free\/\">Legally ok<\/a>.<\/p>\n","protected":false},"excerpt":{"rendered":"<p>Nous vous remercions de votre visite sur notre site Internet pro-action.ch et de l&#8217;int\u00e9r\u00eat que vous portez \u00e0 notre entreprise. La protection de vos donn\u00e9es personnelles, telles que votre date de naissance, votre nom, votre num\u00e9ro de t\u00e9l\u00e9phone, votre adresse, etc., est important pour nous. L&#8217;objectif de cette d\u00e9claration de confidentialit\u00e9 est de vous informer &#8230; <a title=\"D\u00e9claration de confidentialit\u00e9\" class=\"read-more\" href=\"https:\/\/www.pro-action.ch\/fr\/datenschutz_fr\/\" aria-label=\"Read more about D\u00e9claration de confidentialit\u00e9\">Read More<\/a><\/p>\n","protected":false},"author":2,"featured_media":0,"parent":0,"menu_order":0,"comment_status":"closed","ping_status":"closed","template":"","meta":{"inline_featured_image":false,"footnotes":""},"class_list":["post-5419","page","type-page","status-publish"],"yoast_head":"<!-- This site is optimized with the Yoast SEO plugin v26.6 - https:\/\/yoast.com\/wordpress\/plugins\/seo\/ -->\n<title>D\u00e9claration de confidentialit\u00e9 - Pro Action<\/title>\n<meta name=\"robots\" content=\"index, follow, max-snippet:-1, max-image-preview:large, max-video-preview:-1\" \/>\n<link rel=\"canonical\" href=\"https:\/\/www.pro-action.ch\/fr\/datenschutz_fr\/\" \/>\n<meta property=\"og:locale\" content=\"fr_FR\" \/>\n<meta property=\"og:type\" content=\"article\" \/>\n<meta property=\"og:title\" content=\"D\u00e9claration de confidentialit\u00e9 - Pro Action\" \/>\n<meta property=\"og:description\" content=\"Nous vous remercions de votre visite sur notre site Internet pro-action.ch et de l&#8217;int\u00e9r\u00eat que vous portez \u00e0 notre entreprise. La protection de vos donn\u00e9es personnelles, telles que votre date de naissance, votre nom, votre num\u00e9ro de t\u00e9l\u00e9phone, votre adresse, etc., est important pour nous. L&#8217;objectif de cette d\u00e9claration de confidentialit\u00e9 est de vous informer ... Read More\" \/>\n<meta property=\"og:url\" content=\"https:\/\/www.pro-action.ch\/fr\/datenschutz_fr\/\" \/>\n<meta property=\"og:site_name\" content=\"Pro Action\" \/>\n<meta property=\"article:modified_time\" content=\"2025-11-30T09:43:37+00:00\" \/>\n<meta property=\"og:image\" content=\"https:\/\/www.pro-action.ch\/wp-content\/uploads\/2025\/11\/LegallyOK.png\" \/>\n<meta name=\"twitter:card\" content=\"summary_large_image\" \/>\n<script type=\"application\/ld+json\" class=\"yoast-schema-graph\">{\"@context\":\"https:\/\/schema.org\",\"@graph\":[{\"@type\":\"WebPage\",\"@id\":\"https:\/\/www.pro-action.ch\/fr\/datenschutz_fr\/\",\"url\":\"https:\/\/www.pro-action.ch\/fr\/datenschutz_fr\/\",\"name\":\"D\u00e9claration de confidentialit\u00e9 - Pro Action\",\"isPartOf\":{\"@id\":\"https:\/\/www.pro-action.ch\/#website\"},\"primaryImageOfPage\":{\"@id\":\"https:\/\/www.pro-action.ch\/fr\/datenschutz_fr\/#primaryimage\"},\"image\":{\"@id\":\"https:\/\/www.pro-action.ch\/fr\/datenschutz_fr\/#primaryimage\"},\"thumbnailUrl\":\"https:\/\/www.pro-action.ch\/wp-content\/uploads\/2025\/11\/LegallyOK.png\",\"datePublished\":\"2025-11-22T08:39:34+00:00\",\"dateModified\":\"2025-11-30T09:43:37+00:00\",\"breadcrumb\":{\"@id\":\"https:\/\/www.pro-action.ch\/fr\/datenschutz_fr\/#breadcrumb\"},\"inLanguage\":\"fr-FR\",\"potentialAction\":[{\"@type\":\"ReadAction\",\"target\":[\"https:\/\/www.pro-action.ch\/fr\/datenschutz_fr\/\"]}]},{\"@type\":\"ImageObject\",\"inLanguage\":\"fr-FR\",\"@id\":\"https:\/\/www.pro-action.ch\/fr\/datenschutz_fr\/#primaryimage\",\"url\":\"https:\/\/www.pro-action.ch\/wp-content\/uploads\/2025\/11\/LegallyOK.png\",\"contentUrl\":\"https:\/\/www.pro-action.ch\/wp-content\/uploads\/2025\/11\/LegallyOK.png\"},{\"@type\":\"BreadcrumbList\",\"@id\":\"https:\/\/www.pro-action.ch\/fr\/datenschutz_fr\/#breadcrumb\",\"itemListElement\":[{\"@type\":\"ListItem\",\"position\":1,\"name\":\"Home\",\"item\":\"https:\/\/www.pro-action.ch\/fr\/\"},{\"@type\":\"ListItem\",\"position\":2,\"name\":\"D\u00e9claration de confidentialit\u00e9\"}]},{\"@type\":\"WebSite\",\"@id\":\"https:\/\/www.pro-action.ch\/#website\",\"url\":\"https:\/\/www.pro-action.ch\/\",\"name\":\"Pro Action\",\"description\":\"Madeleine B\u00e4hler\",\"publisher\":{\"@id\":\"https:\/\/www.pro-action.ch\/#organization\"},\"potentialAction\":[{\"@type\":\"SearchAction\",\"target\":{\"@type\":\"EntryPoint\",\"urlTemplate\":\"https:\/\/www.pro-action.ch\/?s={search_term_string}\"},\"query-input\":{\"@type\":\"PropertyValueSpecification\",\"valueRequired\":true,\"valueName\":\"search_term_string\"}}],\"inLanguage\":\"fr-FR\"},{\"@type\":\"Organization\",\"@id\":\"https:\/\/www.pro-action.ch\/#organization\",\"name\":\"Pro Action\",\"url\":\"https:\/\/www.pro-action.ch\/\",\"logo\":{\"@type\":\"ImageObject\",\"inLanguage\":\"fr-FR\",\"@id\":\"https:\/\/www.pro-action.ch\/#\/schema\/logo\/image\/\",\"url\":\"https:\/\/www.pro-action.ch\/wp-content\/uploads\/2023\/04\/Logo_pro-action-2023-LQ.png\",\"contentUrl\":\"https:\/\/www.pro-action.ch\/wp-content\/uploads\/2023\/04\/Logo_pro-action-2023-LQ.png\",\"width\":379,\"height\":173,\"caption\":\"Pro Action\"},\"image\":{\"@id\":\"https:\/\/www.pro-action.ch\/#\/schema\/logo\/image\/\"}}]}<\/script>\n<!-- \/ Yoast SEO plugin. -->","yoast_head_json":{"title":"D\u00e9claration de confidentialit\u00e9 - Pro Action","robots":{"index":"index","follow":"follow","max-snippet":"max-snippet:-1","max-image-preview":"max-image-preview:large","max-video-preview":"max-video-preview:-1"},"canonical":"https:\/\/www.pro-action.ch\/fr\/datenschutz_fr\/","og_locale":"fr_FR","og_type":"article","og_title":"D\u00e9claration de confidentialit\u00e9 - Pro Action","og_description":"Nous vous remercions de votre visite sur notre site Internet pro-action.ch et de l&#8217;int\u00e9r\u00eat que vous portez \u00e0 notre entreprise. La protection de vos donn\u00e9es personnelles, telles que votre date de naissance, votre nom, votre num\u00e9ro de t\u00e9l\u00e9phone, votre adresse, etc., est important pour nous. L&#8217;objectif de cette d\u00e9claration de confidentialit\u00e9 est de vous informer ... Read More","og_url":"https:\/\/www.pro-action.ch\/fr\/datenschutz_fr\/","og_site_name":"Pro Action","article_modified_time":"2025-11-30T09:43:37+00:00","og_image":[{"url":"https:\/\/www.pro-action.ch\/wp-content\/uploads\/2025\/11\/LegallyOK.png","type":"","width":"","height":""}],"twitter_card":"summary_large_image","schema":{"@context":"https:\/\/schema.org","@graph":[{"@type":"WebPage","@id":"https:\/\/www.pro-action.ch\/fr\/datenschutz_fr\/","url":"https:\/\/www.pro-action.ch\/fr\/datenschutz_fr\/","name":"D\u00e9claration de confidentialit\u00e9 - Pro Action","isPartOf":{"@id":"https:\/\/www.pro-action.ch\/#website"},"primaryImageOfPage":{"@id":"https:\/\/www.pro-action.ch\/fr\/datenschutz_fr\/#primaryimage"},"image":{"@id":"https:\/\/www.pro-action.ch\/fr\/datenschutz_fr\/#primaryimage"},"thumbnailUrl":"https:\/\/www.pro-action.ch\/wp-content\/uploads\/2025\/11\/LegallyOK.png","datePublished":"2025-11-22T08:39:34+00:00","dateModified":"2025-11-30T09:43:37+00:00","breadcrumb":{"@id":"https:\/\/www.pro-action.ch\/fr\/datenschutz_fr\/#breadcrumb"},"inLanguage":"fr-FR","potentialAction":[{"@type":"ReadAction","target":["https:\/\/www.pro-action.ch\/fr\/datenschutz_fr\/"]}]},{"@type":"ImageObject","inLanguage":"fr-FR","@id":"https:\/\/www.pro-action.ch\/fr\/datenschutz_fr\/#primaryimage","url":"https:\/\/www.pro-action.ch\/wp-content\/uploads\/2025\/11\/LegallyOK.png","contentUrl":"https:\/\/www.pro-action.ch\/wp-content\/uploads\/2025\/11\/LegallyOK.png"},{"@type":"BreadcrumbList","@id":"https:\/\/www.pro-action.ch\/fr\/datenschutz_fr\/#breadcrumb","itemListElement":[{"@type":"ListItem","position":1,"name":"Home","item":"https:\/\/www.pro-action.ch\/fr\/"},{"@type":"ListItem","position":2,"name":"D\u00e9claration de confidentialit\u00e9"}]},{"@type":"WebSite","@id":"https:\/\/www.pro-action.ch\/#website","url":"https:\/\/www.pro-action.ch\/","name":"Pro Action","description":"Madeleine B\u00e4hler","publisher":{"@id":"https:\/\/www.pro-action.ch\/#organization"},"potentialAction":[{"@type":"SearchAction","target":{"@type":"EntryPoint","urlTemplate":"https:\/\/www.pro-action.ch\/?s={search_term_string}"},"query-input":{"@type":"PropertyValueSpecification","valueRequired":true,"valueName":"search_term_string"}}],"inLanguage":"fr-FR"},{"@type":"Organization","@id":"https:\/\/www.pro-action.ch\/#organization","name":"Pro Action","url":"https:\/\/www.pro-action.ch\/","logo":{"@type":"ImageObject","inLanguage":"fr-FR","@id":"https:\/\/www.pro-action.ch\/#\/schema\/logo\/image\/","url":"https:\/\/www.pro-action.ch\/wp-content\/uploads\/2023\/04\/Logo_pro-action-2023-LQ.png","contentUrl":"https:\/\/www.pro-action.ch\/wp-content\/uploads\/2023\/04\/Logo_pro-action-2023-LQ.png","width":379,"height":173,"caption":"Pro Action"},"image":{"@id":"https:\/\/www.pro-action.ch\/#\/schema\/logo\/image\/"}}]}},"_links":{"self":[{"href":"https:\/\/www.pro-action.ch\/fr\/wp-json\/wp\/v2\/pages\/5419","targetHints":{"allow":["GET"]}}],"collection":[{"href":"https:\/\/www.pro-action.ch\/fr\/wp-json\/wp\/v2\/pages"}],"about":[{"href":"https:\/\/www.pro-action.ch\/fr\/wp-json\/wp\/v2\/types\/page"}],"author":[{"embeddable":true,"href":"https:\/\/www.pro-action.ch\/fr\/wp-json\/wp\/v2\/users\/2"}],"replies":[{"embeddable":true,"href":"https:\/\/www.pro-action.ch\/fr\/wp-json\/wp\/v2\/comments?post=5419"}],"version-history":[{"count":5,"href":"https:\/\/www.pro-action.ch\/fr\/wp-json\/wp\/v2\/pages\/5419\/revisions"}],"predecessor-version":[{"id":5444,"href":"https:\/\/www.pro-action.ch\/fr\/wp-json\/wp\/v2\/pages\/5419\/revisions\/5444"}],"wp:attachment":[{"href":"https:\/\/www.pro-action.ch\/fr\/wp-json\/wp\/v2\/media?parent=5419"}],"curies":[{"name":"wp","href":"https:\/\/api.w.org\/{rel}","templated":true}]}}