{"id":5072,"date":"2022-04-04T14:24:07","date_gmt":"2022-04-04T12:24:07","guid":{"rendered":"https:\/\/www.pro-action.ch\/mentions-legales\/"},"modified":"2022-08-08T21:43:39","modified_gmt":"2022-08-08T19:43:39","slug":"mentions-legales","status":"publish","type":"page","link":"https:\/\/www.pro-action.ch\/fr\/mentions-legales\/","title":{"rendered":"Mentions l\u00e9gales"},"content":{"rendered":"<div class=\"gb-container gb-container-9bc13744\"><div class=\"gb-inside-container\">\n<div class=\"gb-grid-wrapper gb-grid-wrapper-f4f7c5c3\">\n<div class=\"gb-grid-column gb-grid-column-b3dff89f\"><div class=\"gb-container gb-container-b3dff89f\"><div class=\"gb-inside-container\">\n\n<h1 class=\"gb-headline gb-headline-8c43daf3 gb-headline-text\">Mentions l\u00e9gales<\/h1>\r\n\n<\/div><\/div><\/div>\n<\/div>\n\n\n<p class=\"footer_custom_links\">Nom de l&#8217;entreprise:\u00a0Madeleine B\u00e4hler\u00a0&#8211; pro-action<br\/>Adresse: Wartenbergstrasse 40<br\/>4052 Basel<\/p>\n\n\n\n<p class=\"footer_custom_links\">T\u00e9l\u00e9phone:\u00a0<a href=\"tel:0613120311\">+41 (0)61 312 03 11<\/a><br\/>Email:\u00a0<a href=\"mailto:info@pro-action.ch\">info@pro-action.ch<\/a><\/p>\n\n\n\n<h2 class=\"gb-headline gb-headline-5166caca gb-headline-text\">Informations juridiques\r\n<\/h2>\r\n\n\n\n<p>Ce site Internet utilise des cookies. Les cookies sont de petits fichiers textes qui sont enregistr\u00e9s sur votre ordinateur, lors de la visite du site, de fa\u00e7on temporaire ou durable. Le but des cookies est en particulier d\u2019analyser l\u2019utilisation du site, en vue d\u2019une exploitation statistique, ainsi que d\u2019am\u00e9liorations continues. Les cookies peuvent \u00eatre \u00e0 tout moment d\u00e9sactiv\u00e9s dans les param\u00e8tres de votre navigateur web, partiellement ou en totalit\u00e9. En d\u00e9sactivant les cookies, certaines fonctionnalit\u00e9s de ce site peuvent \u00e9ventuellement ne plus \u00eatre disponibles.<\/p>\n\n\n\n<h2 class=\"gb-headline gb-headline-8fd92ba4 gb-headline-text\">R\u00e9alis\u00e9 par<\/h2>\r\n\n\n\n<p class=\"footer_custom_links\"><a href=\"https:\/\/michaelh.ch\/\">michaelH GmbH<\/a><\/p>\n\n<\/div><\/div><div class=\"gb-container gb-container-8b1a0c02\"><div class=\"gb-inside-container\"><\/div><\/div>","protected":false},"excerpt":{"rendered":"<p>Nom de l&#8217;entreprise:\u00a0Madeleine B\u00e4hler\u00a0&#8211; pro-actionAdresse: Wartenbergstrasse 404052 Basel T\u00e9l\u00e9phone:\u00a0+41 (0)61 312 03 11Email:\u00a0info@pro-action.ch Informations juridiques Ce site Internet utilise des cookies. Les cookies sont de petits fichiers textes qui sont enregistr\u00e9s sur votre ordinateur, lors de la visite du site, de fa\u00e7on temporaire ou durable. Le but des cookies est en particulier d\u2019analyser l\u2019utilisation du &#8230; <a title=\"Mentions l\u00e9gales\" class=\"read-more\" href=\"https:\/\/www.pro-action.ch\/fr\/mentions-legales\/\" aria-label=\"Read more about Mentions l\u00e9gales\">Read More<\/a><\/p>\n","protected":false},"author":1,"featured_media":0,"parent":0,"menu_order":0,"comment_status":"closed","ping_status":"closed","template":"","meta":{"inline_featured_image":false,"footnotes":""},"class_list":["post-5072","page","type-page","status-publish"],"yoast_head":"<!-- This site is optimized with the Yoast SEO plugin v26.6 - https:\/\/yoast.com\/wordpress\/plugins\/seo\/ -->\n<title>Mentions l\u00e9gales - Pro Action<\/title>\n<meta name=\"description\" content=\"Mentions l\u00e9gales de pro-action \u00e0 B\u00e2le, Madeleine B\u00e4hler.\" \/>\n<meta name=\"robots\" content=\"index, follow, max-snippet:-1, max-image-preview:large, max-video-preview:-1\" \/>\n<link rel=\"canonical\" href=\"https:\/\/www.pro-action.ch\/fr\/mentions-legales\/\" \/>\n<meta property=\"og:locale\" content=\"fr_FR\" \/>\n<meta property=\"og:type\" content=\"article\" \/>\n<meta property=\"og:title\" content=\"Mentions l\u00e9gales - Pro Action\" \/>\n<meta property=\"og:description\" content=\"Mentions l\u00e9gales de pro-action \u00e0 B\u00e2le, Madeleine B\u00e4hler.\" \/>\n<meta property=\"og:url\" content=\"https:\/\/www.pro-action.ch\/fr\/mentions-legales\/\" \/>\n<meta property=\"og:site_name\" content=\"Pro Action\" \/>\n<meta property=\"article:modified_time\" content=\"2022-08-08T19:43:39+00:00\" \/>\n<meta name=\"twitter:card\" content=\"summary_large_image\" \/>\n<meta name=\"twitter:label1\" content=\"Est. reading time\" \/>\n\t<meta name=\"twitter:data1\" content=\"1 minute\" \/>\n<script type=\"application\/ld+json\" class=\"yoast-schema-graph\">{\"@context\":\"https:\/\/schema.org\",\"@graph\":[{\"@type\":\"WebPage\",\"@id\":\"https:\/\/www.pro-action.ch\/fr\/mentions-legales\/\",\"url\":\"https:\/\/www.pro-action.ch\/fr\/mentions-legales\/\",\"name\":\"Mentions l\u00e9gales - Pro Action\",\"isPartOf\":{\"@id\":\"https:\/\/www.pro-action.ch\/#website\"},\"datePublished\":\"2022-04-04T12:24:07+00:00\",\"dateModified\":\"2022-08-08T19:43:39+00:00\",\"description\":\"Mentions l\u00e9gales de pro-action \u00e0 B\u00e2le, Madeleine B\u00e4hler.\",\"breadcrumb\":{\"@id\":\"https:\/\/www.pro-action.ch\/fr\/mentions-legales\/#breadcrumb\"},\"inLanguage\":\"fr-FR\",\"potentialAction\":[{\"@type\":\"ReadAction\",\"target\":[\"https:\/\/www.pro-action.ch\/fr\/mentions-legales\/\"]}]},{\"@type\":\"BreadcrumbList\",\"@id\":\"https:\/\/www.pro-action.ch\/fr\/mentions-legales\/#breadcrumb\",\"itemListElement\":[{\"@type\":\"ListItem\",\"position\":1,\"name\":\"Home\",\"item\":\"https:\/\/www.pro-action.ch\/fr\/\"},{\"@type\":\"ListItem\",\"position\":2,\"name\":\"Mentions l\u00e9gales\"}]},{\"@type\":\"WebSite\",\"@id\":\"https:\/\/www.pro-action.ch\/#website\",\"url\":\"https:\/\/www.pro-action.ch\/\",\"name\":\"Pro Action\",\"description\":\"Madeleine B\u00e4hler\",\"publisher\":{\"@id\":\"https:\/\/www.pro-action.ch\/#organization\"},\"potentialAction\":[{\"@type\":\"SearchAction\",\"target\":{\"@type\":\"EntryPoint\",\"urlTemplate\":\"https:\/\/www.pro-action.ch\/?s={search_term_string}\"},\"query-input\":{\"@type\":\"PropertyValueSpecification\",\"valueRequired\":true,\"valueName\":\"search_term_string\"}}],\"inLanguage\":\"fr-FR\"},{\"@type\":\"Organization\",\"@id\":\"https:\/\/www.pro-action.ch\/#organization\",\"name\":\"Pro Action\",\"url\":\"https:\/\/www.pro-action.ch\/\",\"logo\":{\"@type\":\"ImageObject\",\"inLanguage\":\"fr-FR\",\"@id\":\"https:\/\/www.pro-action.ch\/#\/schema\/logo\/image\/\",\"url\":\"https:\/\/www.pro-action.ch\/wp-content\/uploads\/2023\/04\/Logo_pro-action-2023-LQ.png\",\"contentUrl\":\"https:\/\/www.pro-action.ch\/wp-content\/uploads\/2023\/04\/Logo_pro-action-2023-LQ.png\",\"width\":379,\"height\":173,\"caption\":\"Pro Action\"},\"image\":{\"@id\":\"https:\/\/www.pro-action.ch\/#\/schema\/logo\/image\/\"}}]}<\/script>\n<!-- \/ Yoast SEO plugin. -->","yoast_head_json":{"title":"Mentions l\u00e9gales - Pro Action","description":"Mentions l\u00e9gales de pro-action \u00e0 B\u00e2le, Madeleine B\u00e4hler.","robots":{"index":"index","follow":"follow","max-snippet":"max-snippet:-1","max-image-preview":"max-image-preview:large","max-video-preview":"max-video-preview:-1"},"canonical":"https:\/\/www.pro-action.ch\/fr\/mentions-legales\/","og_locale":"fr_FR","og_type":"article","og_title":"Mentions l\u00e9gales - Pro Action","og_description":"Mentions l\u00e9gales de pro-action \u00e0 B\u00e2le, Madeleine B\u00e4hler.","og_url":"https:\/\/www.pro-action.ch\/fr\/mentions-legales\/","og_site_name":"Pro Action","article_modified_time":"2022-08-08T19:43:39+00:00","twitter_card":"summary_large_image","twitter_misc":{"Est. reading time":"1 minute"},"schema":{"@context":"https:\/\/schema.org","@graph":[{"@type":"WebPage","@id":"https:\/\/www.pro-action.ch\/fr\/mentions-legales\/","url":"https:\/\/www.pro-action.ch\/fr\/mentions-legales\/","name":"Mentions l\u00e9gales - Pro Action","isPartOf":{"@id":"https:\/\/www.pro-action.ch\/#website"},"datePublished":"2022-04-04T12:24:07+00:00","dateModified":"2022-08-08T19:43:39+00:00","description":"Mentions l\u00e9gales de pro-action \u00e0 B\u00e2le, Madeleine B\u00e4hler.","breadcrumb":{"@id":"https:\/\/www.pro-action.ch\/fr\/mentions-legales\/#breadcrumb"},"inLanguage":"fr-FR","potentialAction":[{"@type":"ReadAction","target":["https:\/\/www.pro-action.ch\/fr\/mentions-legales\/"]}]},{"@type":"BreadcrumbList","@id":"https:\/\/www.pro-action.ch\/fr\/mentions-legales\/#breadcrumb","itemListElement":[{"@type":"ListItem","position":1,"name":"Home","item":"https:\/\/www.pro-action.ch\/fr\/"},{"@type":"ListItem","position":2,"name":"Mentions l\u00e9gales"}]},{"@type":"WebSite","@id":"https:\/\/www.pro-action.ch\/#website","url":"https:\/\/www.pro-action.ch\/","name":"Pro Action","description":"Madeleine B\u00e4hler","publisher":{"@id":"https:\/\/www.pro-action.ch\/#organization"},"potentialAction":[{"@type":"SearchAction","target":{"@type":"EntryPoint","urlTemplate":"https:\/\/www.pro-action.ch\/?s={search_term_string}"},"query-input":{"@type":"PropertyValueSpecification","valueRequired":true,"valueName":"search_term_string"}}],"inLanguage":"fr-FR"},{"@type":"Organization","@id":"https:\/\/www.pro-action.ch\/#organization","name":"Pro Action","url":"https:\/\/www.pro-action.ch\/","logo":{"@type":"ImageObject","inLanguage":"fr-FR","@id":"https:\/\/www.pro-action.ch\/#\/schema\/logo\/image\/","url":"https:\/\/www.pro-action.ch\/wp-content\/uploads\/2023\/04\/Logo_pro-action-2023-LQ.png","contentUrl":"https:\/\/www.pro-action.ch\/wp-content\/uploads\/2023\/04\/Logo_pro-action-2023-LQ.png","width":379,"height":173,"caption":"Pro Action"},"image":{"@id":"https:\/\/www.pro-action.ch\/#\/schema\/logo\/image\/"}}]}},"_links":{"self":[{"href":"https:\/\/www.pro-action.ch\/fr\/wp-json\/wp\/v2\/pages\/5072","targetHints":{"allow":["GET"]}}],"collection":[{"href":"https:\/\/www.pro-action.ch\/fr\/wp-json\/wp\/v2\/pages"}],"about":[{"href":"https:\/\/www.pro-action.ch\/fr\/wp-json\/wp\/v2\/types\/page"}],"author":[{"embeddable":true,"href":"https:\/\/www.pro-action.ch\/fr\/wp-json\/wp\/v2\/users\/1"}],"replies":[{"embeddable":true,"href":"https:\/\/www.pro-action.ch\/fr\/wp-json\/wp\/v2\/comments?post=5072"}],"version-history":[{"count":1,"href":"https:\/\/www.pro-action.ch\/fr\/wp-json\/wp\/v2\/pages\/5072\/revisions"}],"predecessor-version":[{"id":5073,"href":"https:\/\/www.pro-action.ch\/fr\/wp-json\/wp\/v2\/pages\/5072\/revisions\/5073"}],"wp:attachment":[{"href":"https:\/\/www.pro-action.ch\/fr\/wp-json\/wp\/v2\/media?parent=5072"}],"curies":[{"name":"wp","href":"https:\/\/api.w.org\/{rel}","templated":true}]}}