{"id":5064,"date":"2022-04-04T13:36:42","date_gmt":"2022-04-04T11:36:42","guid":{"rendered":"https:\/\/www.pro-action.ch\/references\/"},"modified":"2025-11-29T17:41:43","modified_gmt":"2025-11-29T16:41:43","slug":"references","status":"publish","type":"page","link":"https:\/\/www.pro-action.ch\/fr\/references\/","title":{"rendered":"R\u00e9f\u00e9rences"},"content":{"rendered":"<div class=\"gb-container gb-container-d7e30884\"><div class=\"gb-inside-container\">\n<div class=\"gb-grid-wrapper gb-grid-wrapper-fbd69269\">\n<div class=\"gb-grid-column gb-grid-column-1fccd989\"><div class=\"gb-container gb-container-1fccd989\"><div class=\"gb-inside-container\">\n\n<h1 class=\"gb-headline gb-headline-15149c28 gb-headline-text headline-home-custom\">R\u00e9f\u00e9rences<\/h1>\n\n\n\n<p><\/p>\n\n<\/div><\/div><\/div>\n\n<div class=\"gb-grid-column gb-grid-column-dc34b8c2\"><div class=\"gb-container gb-container-dc34b8c2\"><div class=\"gb-inside-container\"><\/div><\/div><\/div>\n<\/div>\n<\/div><\/div>\n\n<div class=\"gb-container gb-container-155455db\"><div class=\"gb-inside-container\">\n\n<h2 class=\"gb-headline gb-headline-d69ace62 gb-headline-text\">Mes clients<a href=\"https:\/\/www.pro-action.ch\/fr\/madeleine-bahler\/\"><\/a><\/h2>\n\n\n\n<h3 class=\"gb-headline gb-headline-699e8239 gb-headline-text\">Quelques organisations pour lesquelles j\u2019ai travaill\u00e9 :<\/h3>\n\n\n\n<p class=\"gb-headline gb-headline-4b6702e1\"><span class=\"gb-icon\"><svg xmlns=\"http:\/\/www.w3.org\/2000\/svg\" viewBox=\"0 0 256 512\" width=\"1em\" height=\"1em\" aria-hidden=\"true\"><path d=\"M224.3 273l-136 136c-9.4 9.4-24.6 9.4-33.9 0l-22.6-22.6c-9.4-9.4-9.4-24.6 0-33.9l96.4-96.4-96.4-96.4c-9.4-9.4-9.4-24.6 0-33.9L54.3 103c9.4-9.4 24.6-9.4 33.9 0l136 136c9.5 9.4 9.5 24.6.1 34z\" fill=\"currentColor\"><\/path><\/svg><\/span><span class=\"gb-headline-text\">ACCES, Mulhouse<\/span><\/p>\n\n\n\n<p class=\"gb-headline gb-headline-f6948af8\"><span class=\"gb-icon\"><svg xmlns=\"http:\/\/www.w3.org\/2000\/svg\" viewBox=\"0 0 256 512\" width=\"1em\" height=\"1em\" aria-hidden=\"true\"><path d=\"M224.3 273l-136 136c-9.4 9.4-24.6 9.4-33.9 0l-22.6-22.6c-9.4-9.4-9.4-24.6 0-33.9l96.4-96.4-96.4-96.4c-9.4-9.4-9.4-24.6 0-33.9L54.3 103c9.4-9.4 24.6-9.4 33.9 0l136 136c9.5 9.4 9.5 24.6.1 34z\" fill=\"currentColor\"><\/path><\/svg><\/span><span class=\"gb-headline-text\">Centre&nbsp;de Formation AI, Vevey<\/span><\/p>\n\n\n\n<p class=\"gb-headline gb-headline-7376177b\"><span class=\"gb-icon\"><svg xmlns=\"http:\/\/www.w3.org\/2000\/svg\" viewBox=\"0 0 256 512\" width=\"1em\" height=\"1em\" aria-hidden=\"true\"><path d=\"M224.3 273l-136 136c-9.4 9.4-24.6 9.4-33.9 0l-22.6-22.6c-9.4-9.4-9.4-24.6 0-33.9l96.4-96.4-96.4-96.4c-9.4-9.4-9.4-24.6 0-33.9L54.3 103c9.4-9.4 24.6-9.4 33.9 0l136 136c9.5 9.4 9.5 24.6.1 34z\" fill=\"currentColor\"><\/path><\/svg><\/span><span class=\"gb-headline-text\">Croix Rouge Suisse, B\u00e2le Campagne<\/span><\/p>\n\n\n\n<p class=\"gb-headline gb-headline-3eb9cd8c\"><span class=\"gb-icon\"><svg xmlns=\"http:\/\/www.w3.org\/2000\/svg\" viewBox=\"0 0 256 512\" width=\"1em\" height=\"1em\" aria-hidden=\"true\"><path d=\"M224.3 273l-136 136c-9.4 9.4-24.6 9.4-33.9 0l-22.6-22.6c-9.4-9.4-9.4-24.6 0-33.9l96.4-96.4-96.4-96.4c-9.4-9.4-9.4-24.6 0-33.9L54.3 103c9.4-9.4 24.6-9.4 33.9 0l136 136c9.5 9.4 9.5 24.6.1 34z\" fill=\"currentColor\"><\/path><\/svg><\/span><span class=\"gb-headline-text\">Don Camillo, Montmirail<\/span><\/p>\n\n\n\n<p class=\"gb-headline gb-headline-258caf87\"><span class=\"gb-icon\"><svg xmlns=\"http:\/\/www.w3.org\/2000\/svg\" viewBox=\"0 0 256 512\" width=\"1em\" height=\"1em\" aria-hidden=\"true\"><path d=\"M224.3 273l-136 136c-9.4 9.4-24.6 9.4-33.9 0l-22.6-22.6c-9.4-9.4-9.4-24.6 0-33.9l96.4-96.4-96.4-96.4c-9.4-9.4-9.4-24.6 0-33.9L54.3 103c9.4-9.4 24.6-9.4 33.9 0l136 136c9.5 9.4 9.5 24.6.1 34z\" fill=\"currentColor\"><\/path><\/svg><\/span><span class=\"gb-headline-text\">Haute&nbsp;\u00e9cole sp\u00e9cialis\u00e9e bernoise<\/span><\/p>\n\n\n\n<p class=\"gb-headline gb-headline-1b76ab4e\"><span class=\"gb-icon\"><svg xmlns=\"http:\/\/www.w3.org\/2000\/svg\" viewBox=\"0 0 256 512\" width=\"1em\" height=\"1em\" aria-hidden=\"true\"><path d=\"M224.3 273l-136 136c-9.4 9.4-24.6 9.4-33.9 0l-22.6-22.6c-9.4-9.4-9.4-24.6 0-33.9l96.4-96.4-96.4-96.4c-9.4-9.4-9.4-24.6 0-33.9L54.3 103c9.4-9.4 24.6-9.4 33.9 0l136 136c9.5 9.4 9.5 24.6.1 34z\" fill=\"currentColor\"><\/path><\/svg><\/span><span class=\"gb-headline-text\">Helsana Case Management, Lausanne<\/span><\/p>\n\n\n\n<p class=\"gb-headline gb-headline-17dff419\"><span class=\"gb-icon\"><svg xmlns=\"http:\/\/www.w3.org\/2000\/svg\" viewBox=\"0 0 256 512\" width=\"1em\" height=\"1em\" aria-hidden=\"true\"><path d=\"M224.3 273l-136 136c-9.4 9.4-24.6 9.4-33.9 0l-22.6-22.6c-9.4-9.4-9.4-24.6 0-33.9l96.4-96.4-96.4-96.4c-9.4-9.4-9.4-24.6 0-33.9L54.3 103c9.4-9.4 24.6-9.4 33.9 0l136 136c9.5 9.4 9.5 24.6.1 34z\" fill=\"currentColor\"><\/path><\/svg><\/span><span class=\"gb-headline-text\">Clinique Psychiatrique Universitaire, B\u00e2le<\/span><\/p>\n\n\n\n<p class=\"gb-headline gb-headline-3c0df1e9\"><span class=\"gb-icon\"><svg xmlns=\"http:\/\/www.w3.org\/2000\/svg\" viewBox=\"0 0 256 512\" width=\"1em\" height=\"1em\" aria-hidden=\"true\"><path d=\"M224.3 273l-136 136c-9.4 9.4-24.6 9.4-33.9 0l-22.6-22.6c-9.4-9.4-9.4-24.6 0-33.9l96.4-96.4-96.4-96.4c-9.4-9.4-9.4-24.6 0-33.9L54.3 103c9.4-9.4 24.6-9.4 33.9 0l136 136c9.5 9.4 9.5 24.6.1 34z\" fill=\"currentColor\"><\/path><\/svg><\/span><span class=\"gb-headline-text\">Paroisse&nbsp;R\u00e9form\u00e9e Bulle-La Gruy\u00e8re<\/span><\/p>\n\n\n\n<p class=\"gb-headline gb-headline-4b69a98e\"><span class=\"gb-icon\"><svg xmlns=\"http:\/\/www.w3.org\/2000\/svg\" viewBox=\"0 0 256 512\" width=\"1em\" height=\"1em\" aria-hidden=\"true\"><path d=\"M224.3 273l-136 136c-9.4 9.4-24.6 9.4-33.9 0l-22.6-22.6c-9.4-9.4-9.4-24.6 0-33.9l96.4-96.4-96.4-96.4c-9.4-9.4-9.4-24.6 0-33.9L54.3 103c9.4-9.4 24.6-9.4 33.9 0l136 136c9.5 9.4 9.5 24.6.1 34z\" fill=\"currentColor\"><\/path><\/svg><\/span><span class=\"gb-headline-text\">Union centrale suisse pour le bien des aveugles, Lausanne &amp; Bellinzona<\/span><\/p>\n\n<\/div><\/div>\n\n<div class=\"gb-container gb-container-f432fc90\"><div class=\"gb-inside-container\"><\/div><\/div>\n\n<div class=\"gb-container gb-container-a505b403\"><div class=\"gb-inside-container\"><\/div><\/div>","protected":false},"excerpt":{"rendered":"<p>Mes clients Quelques organisations pour lesquelles j\u2019ai travaill\u00e9 : ACCES, Mulhouse Centre&nbsp;de Formation AI, Vevey Croix Rouge Suisse, B\u00e2le Campagne Don Camillo, Montmirail Haute&nbsp;\u00e9cole sp\u00e9cialis\u00e9e bernoise Helsana Case Management, Lausanne Clinique Psychiatrique Universitaire, B\u00e2le Paroisse&nbsp;R\u00e9form\u00e9e Bulle-La Gruy\u00e8re Union centrale suisse pour le bien des aveugles, Lausanne &amp; Bellinzona<\/p>\n","protected":false},"author":1,"featured_media":0,"parent":0,"menu_order":0,"comment_status":"closed","ping_status":"closed","template":"","meta":{"inline_featured_image":false,"footnotes":""},"class_list":["post-5064","page","type-page","status-publish"],"yoast_head":"<!-- This site is optimized with the Yoast SEO plugin v26.6 - https:\/\/yoast.com\/wordpress\/plugins\/seo\/ -->\n<title>R\u00e9f\u00e9rences - Pro Action<\/title>\n<meta name=\"robots\" content=\"index, follow, max-snippet:-1, max-image-preview:large, max-video-preview:-1\" \/>\n<link rel=\"canonical\" href=\"https:\/\/www.pro-action.ch\/fr\/references\/\" \/>\n<meta property=\"og:locale\" content=\"fr_FR\" \/>\n<meta property=\"og:type\" content=\"article\" \/>\n<meta property=\"og:title\" content=\"R\u00e9f\u00e9rences - Pro Action\" \/>\n<meta property=\"og:description\" content=\"Mes clients Quelques organisations pour lesquelles j\u2019ai travaill\u00e9 : ACCES, Mulhouse Centre&nbsp;de Formation AI, Vevey Croix Rouge Suisse, B\u00e2le Campagne Don Camillo, Montmirail Haute&nbsp;\u00e9cole sp\u00e9cialis\u00e9e bernoise Helsana Case Management, Lausanne Clinique Psychiatrique Universitaire, B\u00e2le Paroisse&nbsp;R\u00e9form\u00e9e Bulle-La Gruy\u00e8re Union centrale suisse pour le bien des aveugles, Lausanne &amp; Bellinzona\" \/>\n<meta property=\"og:url\" content=\"https:\/\/www.pro-action.ch\/fr\/references\/\" \/>\n<meta property=\"og:site_name\" content=\"Pro Action\" \/>\n<meta property=\"article:modified_time\" content=\"2025-11-29T16:41:43+00:00\" \/>\n<meta name=\"twitter:card\" content=\"summary_large_image\" \/>\n<meta name=\"twitter:label1\" content=\"Est. reading time\" \/>\n\t<meta name=\"twitter:data1\" content=\"1 minute\" \/>\n<script type=\"application\/ld+json\" class=\"yoast-schema-graph\">{\"@context\":\"https:\/\/schema.org\",\"@graph\":[{\"@type\":\"WebPage\",\"@id\":\"https:\/\/www.pro-action.ch\/fr\/references\/\",\"url\":\"https:\/\/www.pro-action.ch\/fr\/references\/\",\"name\":\"R\u00e9f\u00e9rences - Pro Action\",\"isPartOf\":{\"@id\":\"https:\/\/www.pro-action.ch\/#website\"},\"datePublished\":\"2022-04-04T11:36:42+00:00\",\"dateModified\":\"2025-11-29T16:41:43+00:00\",\"breadcrumb\":{\"@id\":\"https:\/\/www.pro-action.ch\/fr\/references\/#breadcrumb\"},\"inLanguage\":\"fr-FR\",\"potentialAction\":[{\"@type\":\"ReadAction\",\"target\":[\"https:\/\/www.pro-action.ch\/fr\/references\/\"]}]},{\"@type\":\"BreadcrumbList\",\"@id\":\"https:\/\/www.pro-action.ch\/fr\/references\/#breadcrumb\",\"itemListElement\":[{\"@type\":\"ListItem\",\"position\":1,\"name\":\"Home\",\"item\":\"https:\/\/www.pro-action.ch\/fr\/\"},{\"@type\":\"ListItem\",\"position\":2,\"name\":\"R\u00e9f\u00e9rences\"}]},{\"@type\":\"WebSite\",\"@id\":\"https:\/\/www.pro-action.ch\/#website\",\"url\":\"https:\/\/www.pro-action.ch\/\",\"name\":\"Pro Action\",\"description\":\"Madeleine B\u00e4hler\",\"publisher\":{\"@id\":\"https:\/\/www.pro-action.ch\/#organization\"},\"potentialAction\":[{\"@type\":\"SearchAction\",\"target\":{\"@type\":\"EntryPoint\",\"urlTemplate\":\"https:\/\/www.pro-action.ch\/?s={search_term_string}\"},\"query-input\":{\"@type\":\"PropertyValueSpecification\",\"valueRequired\":true,\"valueName\":\"search_term_string\"}}],\"inLanguage\":\"fr-FR\"},{\"@type\":\"Organization\",\"@id\":\"https:\/\/www.pro-action.ch\/#organization\",\"name\":\"Pro Action\",\"url\":\"https:\/\/www.pro-action.ch\/\",\"logo\":{\"@type\":\"ImageObject\",\"inLanguage\":\"fr-FR\",\"@id\":\"https:\/\/www.pro-action.ch\/#\/schema\/logo\/image\/\",\"url\":\"https:\/\/www.pro-action.ch\/wp-content\/uploads\/2023\/04\/Logo_pro-action-2023-LQ.png\",\"contentUrl\":\"https:\/\/www.pro-action.ch\/wp-content\/uploads\/2023\/04\/Logo_pro-action-2023-LQ.png\",\"width\":379,\"height\":173,\"caption\":\"Pro Action\"},\"image\":{\"@id\":\"https:\/\/www.pro-action.ch\/#\/schema\/logo\/image\/\"}}]}<\/script>\n<!-- \/ Yoast SEO plugin. -->","yoast_head_json":{"title":"R\u00e9f\u00e9rences - Pro Action","robots":{"index":"index","follow":"follow","max-snippet":"max-snippet:-1","max-image-preview":"max-image-preview:large","max-video-preview":"max-video-preview:-1"},"canonical":"https:\/\/www.pro-action.ch\/fr\/references\/","og_locale":"fr_FR","og_type":"article","og_title":"R\u00e9f\u00e9rences - Pro Action","og_description":"Mes clients Quelques organisations pour lesquelles j\u2019ai travaill\u00e9 : ACCES, Mulhouse Centre&nbsp;de Formation AI, Vevey Croix Rouge Suisse, B\u00e2le Campagne Don Camillo, Montmirail Haute&nbsp;\u00e9cole sp\u00e9cialis\u00e9e bernoise Helsana Case Management, Lausanne Clinique Psychiatrique Universitaire, B\u00e2le Paroisse&nbsp;R\u00e9form\u00e9e Bulle-La Gruy\u00e8re Union centrale suisse pour le bien des aveugles, Lausanne &amp; Bellinzona","og_url":"https:\/\/www.pro-action.ch\/fr\/references\/","og_site_name":"Pro Action","article_modified_time":"2025-11-29T16:41:43+00:00","twitter_card":"summary_large_image","twitter_misc":{"Est. reading time":"1 minute"},"schema":{"@context":"https:\/\/schema.org","@graph":[{"@type":"WebPage","@id":"https:\/\/www.pro-action.ch\/fr\/references\/","url":"https:\/\/www.pro-action.ch\/fr\/references\/","name":"R\u00e9f\u00e9rences - Pro Action","isPartOf":{"@id":"https:\/\/www.pro-action.ch\/#website"},"datePublished":"2022-04-04T11:36:42+00:00","dateModified":"2025-11-29T16:41:43+00:00","breadcrumb":{"@id":"https:\/\/www.pro-action.ch\/fr\/references\/#breadcrumb"},"inLanguage":"fr-FR","potentialAction":[{"@type":"ReadAction","target":["https:\/\/www.pro-action.ch\/fr\/references\/"]}]},{"@type":"BreadcrumbList","@id":"https:\/\/www.pro-action.ch\/fr\/references\/#breadcrumb","itemListElement":[{"@type":"ListItem","position":1,"name":"Home","item":"https:\/\/www.pro-action.ch\/fr\/"},{"@type":"ListItem","position":2,"name":"R\u00e9f\u00e9rences"}]},{"@type":"WebSite","@id":"https:\/\/www.pro-action.ch\/#website","url":"https:\/\/www.pro-action.ch\/","name":"Pro Action","description":"Madeleine B\u00e4hler","publisher":{"@id":"https:\/\/www.pro-action.ch\/#organization"},"potentialAction":[{"@type":"SearchAction","target":{"@type":"EntryPoint","urlTemplate":"https:\/\/www.pro-action.ch\/?s={search_term_string}"},"query-input":{"@type":"PropertyValueSpecification","valueRequired":true,"valueName":"search_term_string"}}],"inLanguage":"fr-FR"},{"@type":"Organization","@id":"https:\/\/www.pro-action.ch\/#organization","name":"Pro Action","url":"https:\/\/www.pro-action.ch\/","logo":{"@type":"ImageObject","inLanguage":"fr-FR","@id":"https:\/\/www.pro-action.ch\/#\/schema\/logo\/image\/","url":"https:\/\/www.pro-action.ch\/wp-content\/uploads\/2023\/04\/Logo_pro-action-2023-LQ.png","contentUrl":"https:\/\/www.pro-action.ch\/wp-content\/uploads\/2023\/04\/Logo_pro-action-2023-LQ.png","width":379,"height":173,"caption":"Pro Action"},"image":{"@id":"https:\/\/www.pro-action.ch\/#\/schema\/logo\/image\/"}}]}},"_links":{"self":[{"href":"https:\/\/www.pro-action.ch\/fr\/wp-json\/wp\/v2\/pages\/5064","targetHints":{"allow":["GET"]}}],"collection":[{"href":"https:\/\/www.pro-action.ch\/fr\/wp-json\/wp\/v2\/pages"}],"about":[{"href":"https:\/\/www.pro-action.ch\/fr\/wp-json\/wp\/v2\/types\/page"}],"author":[{"embeddable":true,"href":"https:\/\/www.pro-action.ch\/fr\/wp-json\/wp\/v2\/users\/1"}],"replies":[{"embeddable":true,"href":"https:\/\/www.pro-action.ch\/fr\/wp-json\/wp\/v2\/comments?post=5064"}],"version-history":[{"count":5,"href":"https:\/\/www.pro-action.ch\/fr\/wp-json\/wp\/v2\/pages\/5064\/revisions"}],"predecessor-version":[{"id":5452,"href":"https:\/\/www.pro-action.ch\/fr\/wp-json\/wp\/v2\/pages\/5064\/revisions\/5452"}],"wp:attachment":[{"href":"https:\/\/www.pro-action.ch\/fr\/wp-json\/wp\/v2\/media?parent=5064"}],"curies":[{"name":"wp","href":"https:\/\/api.w.org\/{rel}","templated":true}]}}