{"id":5062,"date":"2022-04-04T13:32:41","date_gmt":"2022-04-04T11:32:41","guid":{"rendered":"https:\/\/www.pro-action.ch\/formation-continue\/"},"modified":"2022-05-25T08:08:54","modified_gmt":"2022-05-25T06:08:54","slug":"formation-continue","status":"publish","type":"page","link":"https:\/\/www.pro-action.ch\/fr\/formation-continue\/","title":{"rendered":"Formation continue"},"content":{"rendered":"<div class=\"gb-container gb-container-9bc13744\"><div class=\"gb-inside-container\">\n<div class=\"gb-grid-wrapper gb-grid-wrapper-f4f7c5c3\">\n<div class=\"gb-grid-column gb-grid-column-b3dff89f\"><div class=\"gb-container gb-container-b3dff89f\"><div class=\"gb-inside-container\">\n\n<h1 class=\"gb-headline gb-headline-8c43daf3 gb-headline-text\">Formation continue<\/h1>\n\n<\/div><\/div><\/div>\n<\/div>\n\n\n<blockquote class=\"wp-block-quote is-layout-flow wp-block-quote-is-layout-flow\"><p>\u00abL\u2019humain ne devient r\u00e9ellement cr\u00e9atif que lorsqu&#8217;il parvient \u00e0 faire fusionner ses aptitudes, connaissances, dons et id\u00e9es avec ceux d&#8217;autres personnes.\u00bb<\/p><cite>Gerald H\u00fcther<\/cite><\/blockquote>\n\n\n\n<p>Tout apprentissage durable allie nouvelles connaissances et exp\u00e9riences personnelles. En fonction des objectifs de formation, les th\u00e9matiques sont adapt\u00e9es aux besoins des participantes et participants.<\/p>\n\n\n\n<h3 class=\"gb-headline gb-headline-f2728717 gb-headline-text\">Quelques exemples th\u00e9matiques:<\/h3>\n\n\n\n<p class=\"gb-headline gb-headline-4b6702e1\"><span class=\"gb-icon\"><svg xmlns=\"http:\/\/www.w3.org\/2000\/svg\" viewBox=\"0 0 256 512\" width=\"1em\" height=\"1em\" aria-hidden=\"true\"><path d=\"M224.3 273l-136 136c-9.4 9.4-24.6 9.4-33.9 0l-22.6-22.6c-9.4-9.4-9.4-24.6 0-33.9l96.4-96.4-96.4-96.4c-9.4-9.4-9.4-24.6 0-33.9L54.3 103c9.4-9.4 24.6-9.4 33.9 0l136 136c9.5 9.4 9.5 24.6.1 34z\" fill=\"currentColor\"><\/path><\/svg><\/span><span class=\"gb-headline-text\">Honte et dignit\u00e9 humaine dans le quotidien du travail\n<\/span><\/p>\n\n\n\n<p class=\"gb-headline gb-headline-493ca9d1\"><span class=\"gb-icon\"><svg xmlns=\"http:\/\/www.w3.org\/2000\/svg\" viewBox=\"0 0 256 512\" width=\"1em\" height=\"1em\" aria-hidden=\"true\"><path d=\"M224.3 273l-136 136c-9.4 9.4-24.6 9.4-33.9 0l-22.6-22.6c-9.4-9.4-9.4-24.6 0-33.9l96.4-96.4-96.4-96.4c-9.4-9.4-9.4-24.6 0-33.9L54.3 103c9.4-9.4 24.6-9.4 33.9 0l136 136c9.5 9.4 9.5 24.6.1 34z\" fill=\"currentColor\"><\/path><\/svg><\/span><span class=\"gb-headline-text\">Apprendre des erreurs : Passer d\u2019une belle th\u00e9orie \u00e0 une r\u00e9alit\u00e9 v\u00e9cue<\/span><\/p>\n\n\n\n<p class=\"gb-headline gb-headline-b5d59c42\"><span class=\"gb-icon\"><svg xmlns=\"http:\/\/www.w3.org\/2000\/svg\" viewBox=\"0 0 256 512\" width=\"1em\" height=\"1em\" aria-hidden=\"true\"><path d=\"M224.3 273l-136 136c-9.4 9.4-24.6 9.4-33.9 0l-22.6-22.6c-9.4-9.4-9.4-24.6 0-33.9l96.4-96.4-96.4-96.4c-9.4-9.4-9.4-24.6 0-33.9L54.3 103c9.4-9.4 24.6-9.4 33.9 0l136 136c9.5 9.4 9.5 24.6.1 34z\" fill=\"currentColor\"><\/path><\/svg><\/span><span class=\"gb-headline-text\">\u00ab&nbsp;Pour ne pas rester dans tous ses \u00e9tats&nbsp;!&nbsp;\u00bb Conna\u00eetre et g\u00e9rer son \u00e9quipe int\u00e9rieure<\/span><\/p>\n\n\n\n<p class=\"gb-headline gb-headline-049baab6\"><span class=\"gb-icon\"><svg xmlns=\"http:\/\/www.w3.org\/2000\/svg\" viewBox=\"0 0 256 512\" width=\"1em\" height=\"1em\" aria-hidden=\"true\"><path d=\"M224.3 273l-136 136c-9.4 9.4-24.6 9.4-33.9 0l-22.6-22.6c-9.4-9.4-9.4-24.6 0-33.9l96.4-96.4-96.4-96.4c-9.4-9.4-9.4-24.6 0-33.9L54.3 103c9.4-9.4 24.6-9.4 33.9 0l136 136c9.5 9.4 9.5 24.6.1 34z\" fill=\"currentColor\"><\/path><\/svg><\/span><span class=\"gb-headline-text\">Transformer les conflits<\/span><\/p>\n\n\n\n<p class=\"gb-headline gb-headline-98dcd532\"><span class=\"gb-icon\"><svg xmlns=\"http:\/\/www.w3.org\/2000\/svg\" viewBox=\"0 0 256 512\" width=\"1em\" height=\"1em\" aria-hidden=\"true\"><path d=\"M224.3 273l-136 136c-9.4 9.4-24.6 9.4-33.9 0l-22.6-22.6c-9.4-9.4-9.4-24.6 0-33.9l96.4-96.4-96.4-96.4c-9.4-9.4-9.4-24.6 0-33.9L54.3 103c9.4-9.4 24.6-9.4 33.9 0l136 136c9.5 9.4 9.5 24.6.1 34z\" fill=\"currentColor\"><\/path><\/svg><\/span><span class=\"gb-headline-text\">Mise en place d\u2019un syst\u00e8me de gestion de conflits au niveau institutionnel<\/span><\/p>\n\n\n\n<p class=\"gb-headline gb-headline-fc786476\"><span class=\"gb-icon\"><svg xmlns=\"http:\/\/www.w3.org\/2000\/svg\" viewBox=\"0 0 256 512\" width=\"1em\" height=\"1em\" aria-hidden=\"true\"><path d=\"M224.3 273l-136 136c-9.4 9.4-24.6 9.4-33.9 0l-22.6-22.6c-9.4-9.4-9.4-24.6 0-33.9l96.4-96.4-96.4-96.4c-9.4-9.4-9.4-24.6 0-33.9L54.3 103c9.4-9.4 24.6-9.4 33.9 0l136 136c9.5 9.4 9.5 24.6.1 34z\" fill=\"currentColor\"><\/path><\/svg><\/span><span class=\"gb-headline-text\">Prise de d\u00e9cisions en commun : planification, outils\n<\/span><\/p>\n\n\n\n<p class=\"gb-headline gb-headline-18dfb39c\"><span class=\"gb-icon\"><svg xmlns=\"http:\/\/www.w3.org\/2000\/svg\" viewBox=\"0 0 256 512\" width=\"1em\" height=\"1em\" aria-hidden=\"true\"><path d=\"M224.3 273l-136 136c-9.4 9.4-24.6 9.4-33.9 0l-22.6-22.6c-9.4-9.4-9.4-24.6 0-33.9l96.4-96.4-96.4-96.4c-9.4-9.4-9.4-24.6 0-33.9L54.3 103c9.4-9.4 24.6-9.4 33.9 0l136 136c9.5 9.4 9.5 24.6.1 34z\" fill=\"currentColor\"><\/path><\/svg><\/span><span class=\"gb-headline-text\">Processus de changements et dynamiques syst\u00e9miques<\/span><\/p>\n\n\n\n<p class=\"gb-headline gb-headline-f7138761\"><span class=\"gb-icon\"><svg xmlns=\"http:\/\/www.w3.org\/2000\/svg\" viewBox=\"0 0 256 512\" width=\"1em\" height=\"1em\" aria-hidden=\"true\"><path d=\"M224.3 273l-136 136c-9.4 9.4-24.6 9.4-33.9 0l-22.6-22.6c-9.4-9.4-9.4-24.6 0-33.9l96.4-96.4-96.4-96.4c-9.4-9.4-9.4-24.6 0-33.9L54.3 103c9.4-9.4 24.6-9.4 33.9 0l136 136c9.5 9.4 9.5 24.6.1 34z\" fill=\"currentColor\"><\/path><\/svg><\/span><span class=\"gb-headline-text\">D\u00e9c\u00e8s et deuil dans le contexte du travail<\/span><\/p>\n\n\n\n<div style=\"height:20px\" aria-hidden=\"true\" class=\"wp-block-spacer\"><\/div>\n\n\n\n<figure class=\"wp-block-image size-full is-resized\"><img loading=\"lazy\" decoding=\"async\" src=\"https:\/\/www.pro-action.ch\/wp-content\/uploads\/2022\/04\/SchirmeWeiterbildungQuerformat.jpeg\" alt=\"\" class=\"wp-image-4935\" width=\"252\" height=\"98\" srcset=\"https:\/\/www.pro-action.ch\/wp-content\/uploads\/2022\/04\/SchirmeWeiterbildungQuerformat.jpeg 1149w, https:\/\/www.pro-action.ch\/wp-content\/uploads\/2022\/04\/SchirmeWeiterbildungQuerformat-300x117.jpeg 300w, https:\/\/www.pro-action.ch\/wp-content\/uploads\/2022\/04\/SchirmeWeiterbildungQuerformat-1024x400.jpeg 1024w, https:\/\/www.pro-action.ch\/wp-content\/uploads\/2022\/04\/SchirmeWeiterbildungQuerformat-768x300.jpeg 768w\" sizes=\"auto, (max-width: 252px) 100vw, 252px\" \/><\/figure>\n\n<\/div><\/div>\n\n<div class=\"gb-container gb-container-8b1a0c02\"><div class=\"gb-inside-container\"><\/div><\/div>","protected":false},"excerpt":{"rendered":"<p>\u00abL\u2019humain ne devient r\u00e9ellement cr\u00e9atif que lorsqu&#8217;il parvient \u00e0 faire fusionner ses aptitudes, connaissances, dons et id\u00e9es avec ceux d&#8217;autres personnes.\u00bb Gerald H\u00fcther Tout apprentissage durable allie nouvelles connaissances et exp\u00e9riences personnelles. En fonction des objectifs de formation, les th\u00e9matiques sont adapt\u00e9es aux besoins des participantes et participants. Quelques exemples th\u00e9matiques: Honte et dignit\u00e9 humaine &#8230; <a title=\"Formation continue\" class=\"read-more\" href=\"https:\/\/www.pro-action.ch\/fr\/formation-continue\/\" aria-label=\"Read more about Formation continue\">Read More<\/a><\/p>\n","protected":false},"author":1,"featured_media":0,"parent":0,"menu_order":0,"comment_status":"closed","ping_status":"closed","template":"","meta":{"inline_featured_image":false,"footnotes":""},"class_list":["post-5062","page","type-page","status-publish"],"yoast_head":"<!-- This site is optimized with the Yoast SEO plugin v26.6 - https:\/\/yoast.com\/wordpress\/plugins\/seo\/ -->\n<title>Formation continue - Pro Action<\/title>\n<meta name=\"robots\" content=\"index, follow, max-snippet:-1, max-image-preview:large, max-video-preview:-1\" \/>\n<link rel=\"canonical\" href=\"https:\/\/www.pro-action.ch\/fr\/formation-continue\/\" \/>\n<meta property=\"og:locale\" content=\"fr_FR\" \/>\n<meta property=\"og:type\" content=\"article\" \/>\n<meta property=\"og:title\" content=\"Formation continue - Pro Action\" \/>\n<meta property=\"og:description\" content=\"\u00abL\u2019humain ne devient r\u00e9ellement cr\u00e9atif que lorsqu&#8217;il parvient \u00e0 faire fusionner ses aptitudes, connaissances, dons et id\u00e9es avec ceux d&#8217;autres personnes.\u00bb Gerald H\u00fcther Tout apprentissage durable allie nouvelles connaissances et exp\u00e9riences personnelles. En fonction des objectifs de formation, les th\u00e9matiques sont adapt\u00e9es aux besoins des participantes et participants. Quelques exemples th\u00e9matiques: Honte et dignit\u00e9 humaine ... Read More\" \/>\n<meta property=\"og:url\" content=\"https:\/\/www.pro-action.ch\/fr\/formation-continue\/\" \/>\n<meta property=\"og:site_name\" content=\"Pro Action\" \/>\n<meta property=\"article:modified_time\" content=\"2022-05-25T06:08:54+00:00\" \/>\n<meta property=\"og:image\" content=\"https:\/\/www.pro-action.ch\/wp-content\/uploads\/2022\/04\/SchirmeWeiterbildungQuerformat.jpeg\" \/>\n<meta name=\"twitter:card\" content=\"summary_large_image\" \/>\n<meta name=\"twitter:label1\" content=\"Est. reading time\" \/>\n\t<meta name=\"twitter:data1\" content=\"1 minute\" \/>\n<script type=\"application\/ld+json\" class=\"yoast-schema-graph\">{\"@context\":\"https:\/\/schema.org\",\"@graph\":[{\"@type\":\"WebPage\",\"@id\":\"https:\/\/www.pro-action.ch\/fr\/formation-continue\/\",\"url\":\"https:\/\/www.pro-action.ch\/fr\/formation-continue\/\",\"name\":\"Formation continue - Pro Action\",\"isPartOf\":{\"@id\":\"https:\/\/www.pro-action.ch\/#website\"},\"primaryImageOfPage\":{\"@id\":\"https:\/\/www.pro-action.ch\/fr\/formation-continue\/#primaryimage\"},\"image\":{\"@id\":\"https:\/\/www.pro-action.ch\/fr\/formation-continue\/#primaryimage\"},\"thumbnailUrl\":\"https:\/\/www.pro-action.ch\/wp-content\/uploads\/2022\/04\/SchirmeWeiterbildungQuerformat.jpeg\",\"datePublished\":\"2022-04-04T11:32:41+00:00\",\"dateModified\":\"2022-05-25T06:08:54+00:00\",\"breadcrumb\":{\"@id\":\"https:\/\/www.pro-action.ch\/fr\/formation-continue\/#breadcrumb\"},\"inLanguage\":\"fr-FR\",\"potentialAction\":[{\"@type\":\"ReadAction\",\"target\":[\"https:\/\/www.pro-action.ch\/fr\/formation-continue\/\"]}]},{\"@type\":\"ImageObject\",\"inLanguage\":\"fr-FR\",\"@id\":\"https:\/\/www.pro-action.ch\/fr\/formation-continue\/#primaryimage\",\"url\":\"https:\/\/www.pro-action.ch\/wp-content\/uploads\/2022\/04\/SchirmeWeiterbildungQuerformat.jpeg\",\"contentUrl\":\"https:\/\/www.pro-action.ch\/wp-content\/uploads\/2022\/04\/SchirmeWeiterbildungQuerformat.jpeg\"},{\"@type\":\"BreadcrumbList\",\"@id\":\"https:\/\/www.pro-action.ch\/fr\/formation-continue\/#breadcrumb\",\"itemListElement\":[{\"@type\":\"ListItem\",\"position\":1,\"name\":\"Home\",\"item\":\"https:\/\/www.pro-action.ch\/fr\/\"},{\"@type\":\"ListItem\",\"position\":2,\"name\":\"Formation continue\"}]},{\"@type\":\"WebSite\",\"@id\":\"https:\/\/www.pro-action.ch\/#website\",\"url\":\"https:\/\/www.pro-action.ch\/\",\"name\":\"Pro Action\",\"description\":\"Madeleine B\u00e4hler\",\"publisher\":{\"@id\":\"https:\/\/www.pro-action.ch\/#organization\"},\"potentialAction\":[{\"@type\":\"SearchAction\",\"target\":{\"@type\":\"EntryPoint\",\"urlTemplate\":\"https:\/\/www.pro-action.ch\/?s={search_term_string}\"},\"query-input\":{\"@type\":\"PropertyValueSpecification\",\"valueRequired\":true,\"valueName\":\"search_term_string\"}}],\"inLanguage\":\"fr-FR\"},{\"@type\":\"Organization\",\"@id\":\"https:\/\/www.pro-action.ch\/#organization\",\"name\":\"Pro Action\",\"url\":\"https:\/\/www.pro-action.ch\/\",\"logo\":{\"@type\":\"ImageObject\",\"inLanguage\":\"fr-FR\",\"@id\":\"https:\/\/www.pro-action.ch\/#\/schema\/logo\/image\/\",\"url\":\"https:\/\/www.pro-action.ch\/wp-content\/uploads\/2023\/04\/Logo_pro-action-2023-LQ.png\",\"contentUrl\":\"https:\/\/www.pro-action.ch\/wp-content\/uploads\/2023\/04\/Logo_pro-action-2023-LQ.png\",\"width\":379,\"height\":173,\"caption\":\"Pro Action\"},\"image\":{\"@id\":\"https:\/\/www.pro-action.ch\/#\/schema\/logo\/image\/\"}}]}<\/script>\n<!-- \/ Yoast SEO plugin. -->","yoast_head_json":{"title":"Formation continue - Pro Action","robots":{"index":"index","follow":"follow","max-snippet":"max-snippet:-1","max-image-preview":"max-image-preview:large","max-video-preview":"max-video-preview:-1"},"canonical":"https:\/\/www.pro-action.ch\/fr\/formation-continue\/","og_locale":"fr_FR","og_type":"article","og_title":"Formation continue - Pro Action","og_description":"\u00abL\u2019humain ne devient r\u00e9ellement cr\u00e9atif que lorsqu&#8217;il parvient \u00e0 faire fusionner ses aptitudes, connaissances, dons et id\u00e9es avec ceux d&#8217;autres personnes.\u00bb Gerald H\u00fcther Tout apprentissage durable allie nouvelles connaissances et exp\u00e9riences personnelles. En fonction des objectifs de formation, les th\u00e9matiques sont adapt\u00e9es aux besoins des participantes et participants. Quelques exemples th\u00e9matiques: Honte et dignit\u00e9 humaine ... Read More","og_url":"https:\/\/www.pro-action.ch\/fr\/formation-continue\/","og_site_name":"Pro Action","article_modified_time":"2022-05-25T06:08:54+00:00","og_image":[{"url":"https:\/\/www.pro-action.ch\/wp-content\/uploads\/2022\/04\/SchirmeWeiterbildungQuerformat.jpeg","type":"","width":"","height":""}],"twitter_card":"summary_large_image","twitter_misc":{"Est. reading time":"1 minute"},"schema":{"@context":"https:\/\/schema.org","@graph":[{"@type":"WebPage","@id":"https:\/\/www.pro-action.ch\/fr\/formation-continue\/","url":"https:\/\/www.pro-action.ch\/fr\/formation-continue\/","name":"Formation continue - Pro Action","isPartOf":{"@id":"https:\/\/www.pro-action.ch\/#website"},"primaryImageOfPage":{"@id":"https:\/\/www.pro-action.ch\/fr\/formation-continue\/#primaryimage"},"image":{"@id":"https:\/\/www.pro-action.ch\/fr\/formation-continue\/#primaryimage"},"thumbnailUrl":"https:\/\/www.pro-action.ch\/wp-content\/uploads\/2022\/04\/SchirmeWeiterbildungQuerformat.jpeg","datePublished":"2022-04-04T11:32:41+00:00","dateModified":"2022-05-25T06:08:54+00:00","breadcrumb":{"@id":"https:\/\/www.pro-action.ch\/fr\/formation-continue\/#breadcrumb"},"inLanguage":"fr-FR","potentialAction":[{"@type":"ReadAction","target":["https:\/\/www.pro-action.ch\/fr\/formation-continue\/"]}]},{"@type":"ImageObject","inLanguage":"fr-FR","@id":"https:\/\/www.pro-action.ch\/fr\/formation-continue\/#primaryimage","url":"https:\/\/www.pro-action.ch\/wp-content\/uploads\/2022\/04\/SchirmeWeiterbildungQuerformat.jpeg","contentUrl":"https:\/\/www.pro-action.ch\/wp-content\/uploads\/2022\/04\/SchirmeWeiterbildungQuerformat.jpeg"},{"@type":"BreadcrumbList","@id":"https:\/\/www.pro-action.ch\/fr\/formation-continue\/#breadcrumb","itemListElement":[{"@type":"ListItem","position":1,"name":"Home","item":"https:\/\/www.pro-action.ch\/fr\/"},{"@type":"ListItem","position":2,"name":"Formation continue"}]},{"@type":"WebSite","@id":"https:\/\/www.pro-action.ch\/#website","url":"https:\/\/www.pro-action.ch\/","name":"Pro Action","description":"Madeleine B\u00e4hler","publisher":{"@id":"https:\/\/www.pro-action.ch\/#organization"},"potentialAction":[{"@type":"SearchAction","target":{"@type":"EntryPoint","urlTemplate":"https:\/\/www.pro-action.ch\/?s={search_term_string}"},"query-input":{"@type":"PropertyValueSpecification","valueRequired":true,"valueName":"search_term_string"}}],"inLanguage":"fr-FR"},{"@type":"Organization","@id":"https:\/\/www.pro-action.ch\/#organization","name":"Pro Action","url":"https:\/\/www.pro-action.ch\/","logo":{"@type":"ImageObject","inLanguage":"fr-FR","@id":"https:\/\/www.pro-action.ch\/#\/schema\/logo\/image\/","url":"https:\/\/www.pro-action.ch\/wp-content\/uploads\/2023\/04\/Logo_pro-action-2023-LQ.png","contentUrl":"https:\/\/www.pro-action.ch\/wp-content\/uploads\/2023\/04\/Logo_pro-action-2023-LQ.png","width":379,"height":173,"caption":"Pro Action"},"image":{"@id":"https:\/\/www.pro-action.ch\/#\/schema\/logo\/image\/"}}]}},"_links":{"self":[{"href":"https:\/\/www.pro-action.ch\/fr\/wp-json\/wp\/v2\/pages\/5062","targetHints":{"allow":["GET"]}}],"collection":[{"href":"https:\/\/www.pro-action.ch\/fr\/wp-json\/wp\/v2\/pages"}],"about":[{"href":"https:\/\/www.pro-action.ch\/fr\/wp-json\/wp\/v2\/types\/page"}],"author":[{"embeddable":true,"href":"https:\/\/www.pro-action.ch\/fr\/wp-json\/wp\/v2\/users\/1"}],"replies":[{"embeddable":true,"href":"https:\/\/www.pro-action.ch\/fr\/wp-json\/wp\/v2\/comments?post=5062"}],"version-history":[{"count":10,"href":"https:\/\/www.pro-action.ch\/fr\/wp-json\/wp\/v2\/pages\/5062\/revisions"}],"predecessor-version":[{"id":5313,"href":"https:\/\/www.pro-action.ch\/fr\/wp-json\/wp\/v2\/pages\/5062\/revisions\/5313"}],"wp:attachment":[{"href":"https:\/\/www.pro-action.ch\/fr\/wp-json\/wp\/v2\/media?parent=5062"}],"curies":[{"name":"wp","href":"https:\/\/api.w.org\/{rel}","templated":true}]}}