{"id":5053,"date":"2022-03-29T13:01:00","date_gmt":"2022-03-29T11:01:00","guid":{"rendered":"https:\/\/www.pro-action.ch\/accueil\/"},"modified":"2022-06-02T09:02:30","modified_gmt":"2022-06-02T07:02:30","slug":"accueil","status":"publish","type":"page","link":"https:\/\/www.pro-action.ch\/fr\/","title":{"rendered":"Accueil"},"content":{"rendered":"<div class=\"gb-container gb-container-d7e30884\"><div class=\"gb-inside-container\">\n\n<h1 class=\"gb-headline gb-headline-15149c28 gb-headline-text headline-home-custom\">pro-action | coaching | d\u00e9veloppement organisationnel | formation <\/h1>\n\n<\/div><\/div>\n\n<div class=\"gb-container gb-container-155455db\"><div class=\"gb-inside-container\">\n\n<p>Pour diff\u00e9rentes raisons, il nous est parfois difficile de trouver une solution, prendre une d\u00e9cision, g\u00e9rer un d\u00e9fi, bref, d\u2019\u00eatre proactif. Je conseille et accompagne individu ou groupe dans les changements, les prises de d\u00e9cisions ainsi qu\u2019en cas de crises ou de situations conflictuelles.<\/p>\n\n<\/div><\/div>\n\n<div class=\"gb-container gb-container-d00a47e7\"><div class=\"gb-inside-container\">\n<div class=\"gb-grid-wrapper gb-grid-wrapper-06d12c54\">\n<div class=\"gb-grid-column gb-grid-column-9bbe5659\"><div class=\"gb-container gb-container-9bbe5659\"><div class=\"gb-inside-container\">\n\n<h2 class=\"gb-headline gb-headline-b5a13470 gb-headline-text\">De quoi avez-vous besoin?<\/h2>\n\n\n\n<figure class=\"wp-block-image size-full is-style-rounded\"><img loading=\"lazy\" decoding=\"async\" width=\"1200\" height=\"800\" src=\"https:\/\/www.pro-action.ch\/wp-content\/uploads\/2022\/05\/Portrait-Baehler_Foto-N-Jansen_003.jpg\" alt=\"Angebot\" class=\"wp-image-5225\" srcset=\"https:\/\/www.pro-action.ch\/wp-content\/uploads\/2022\/05\/Portrait-Baehler_Foto-N-Jansen_003.jpg 1200w, https:\/\/www.pro-action.ch\/wp-content\/uploads\/2022\/05\/Portrait-Baehler_Foto-N-Jansen_003-300x200.jpg 300w, https:\/\/www.pro-action.ch\/wp-content\/uploads\/2022\/05\/Portrait-Baehler_Foto-N-Jansen_003-1024x683.jpg 1024w, https:\/\/www.pro-action.ch\/wp-content\/uploads\/2022\/05\/Portrait-Baehler_Foto-N-Jansen_003-768x512.jpg 768w\" sizes=\"auto, (max-width: 1200px) 100vw, 1200px\" \/><\/figure>\n\n\n\n<div class=\"wp-block-buttons button-margin is-content-justification-center is-layout-flex wp-container-core-buttons-is-layout-16018d1d wp-block-buttons-is-layout-flex\">\n<div class=\"wp-block-button\"><a class=\"wp-block-button__link has-base-color has-accent-background-color has-text-color has-background\" href=\"https:\/\/www.pro-action.ch\/fr\/coaching\/\" style=\"border-radius:5px\">Mes offres<\/a><\/div>\n<\/div>\n\n<\/div><\/div><\/div>\n\n<div class=\"gb-grid-column gb-grid-column-23e2dab1\"><div class=\"gb-container gb-container-23e2dab1\"><div class=\"gb-inside-container\">\n\n<h2 class=\"gb-headline gb-headline-70dcadda gb-headline-text\">Madeleine B\u00e4hler<\/h2>\n\n\n\n<figure class=\"wp-block-image size-full is-style-rounded\"><img loading=\"lazy\" decoding=\"async\" width=\"1200\" height=\"800\" src=\"https:\/\/www.pro-action.ch\/wp-content\/uploads\/2022\/05\/Portrait-Baehler_Foto-N-Jansen_004.jpg\" alt=\"Madeleine B\u00e4hler\" class=\"wp-image-5228\" srcset=\"https:\/\/www.pro-action.ch\/wp-content\/uploads\/2022\/05\/Portrait-Baehler_Foto-N-Jansen_004.jpg 1200w, https:\/\/www.pro-action.ch\/wp-content\/uploads\/2022\/05\/Portrait-Baehler_Foto-N-Jansen_004-300x200.jpg 300w, https:\/\/www.pro-action.ch\/wp-content\/uploads\/2022\/05\/Portrait-Baehler_Foto-N-Jansen_004-1024x683.jpg 1024w, https:\/\/www.pro-action.ch\/wp-content\/uploads\/2022\/05\/Portrait-Baehler_Foto-N-Jansen_004-768x512.jpg 768w\" sizes=\"auto, (max-width: 1200px) 100vw, 1200px\" \/><\/figure>\n\n\n\n<div class=\"wp-block-buttons button-margin is-content-justification-center is-layout-flex wp-container-core-buttons-is-layout-16018d1d wp-block-buttons-is-layout-flex\">\n<div class=\"wp-block-button\"><a class=\"wp-block-button__link has-base-color has-accent-background-color has-text-color has-background\" href=\"https:\/\/www.pro-action.ch\/fr\/madeleine-bahler\/\" style=\"border-radius:5px\">Bienvenue<\/a><\/div>\n<\/div>\n\n<\/div><\/div><\/div>\n\n<div class=\"gb-grid-column gb-grid-column-f8279514\"><div class=\"gb-container gb-container-f8279514\"><div class=\"gb-inside-container\">\n\n<h2 class=\"gb-headline gb-headline-a0c0f1da gb-headline-text\">pro-action<\/h2>\n\n\n\n<figure class=\"wp-block-image size-full is-style-rounded\"><img loading=\"lazy\" decoding=\"async\" width=\"1200\" height=\"800\" src=\"https:\/\/www.pro-action.ch\/wp-content\/uploads\/2022\/05\/Portrait-Baehler_Foto-N-Jansen_005.jpg\" alt=\"Kontakt\" class=\"wp-image-5231\" srcset=\"https:\/\/www.pro-action.ch\/wp-content\/uploads\/2022\/05\/Portrait-Baehler_Foto-N-Jansen_005.jpg 1200w, https:\/\/www.pro-action.ch\/wp-content\/uploads\/2022\/05\/Portrait-Baehler_Foto-N-Jansen_005-300x200.jpg 300w, https:\/\/www.pro-action.ch\/wp-content\/uploads\/2022\/05\/Portrait-Baehler_Foto-N-Jansen_005-1024x683.jpg 1024w, https:\/\/www.pro-action.ch\/wp-content\/uploads\/2022\/05\/Portrait-Baehler_Foto-N-Jansen_005-768x512.jpg 768w\" sizes=\"auto, (max-width: 1200px) 100vw, 1200px\" \/><\/figure>\n\n\n\n<div class=\"wp-block-buttons button-margin is-content-justification-center is-layout-flex wp-container-core-buttons-is-layout-16018d1d wp-block-buttons-is-layout-flex\">\n<div class=\"wp-block-button\"><a class=\"wp-block-button__link has-base-color has-accent-background-color has-text-color has-background\" href=\"https:\/\/www.pro-action.ch\/fr\/contact\/\" style=\"border-radius:5px\">Contact<\/a><\/div>\n<\/div>\n\n<\/div><\/div><\/div>\n<\/div>\n<\/div><\/div>\n\n<div class=\"gb-container gb-container-f432fc90\"><div class=\"gb-inside-container\"><\/div><\/div>\n\n<div class=\"gb-container gb-container-a505b403\"><div class=\"gb-inside-container\"><\/div><\/div>","protected":false},"excerpt":{"rendered":"<p>pro-action | coaching | d\u00e9veloppement organisationnel | formation Pour diff\u00e9rentes raisons, il nous est parfois difficile de trouver une solution, prendre une d\u00e9cision, g\u00e9rer un d\u00e9fi, bref, d\u2019\u00eatre proactif. Je conseille et accompagne individu ou groupe dans les changements, les prises de d\u00e9cisions ainsi qu\u2019en cas de crises ou de situations conflictuelles.<\/p>\n","protected":false},"author":1,"featured_media":0,"parent":0,"menu_order":0,"comment_status":"closed","ping_status":"closed","template":"","meta":{"inline_featured_image":false,"footnotes":""},"class_list":["post-5053","page","type-page","status-publish"],"yoast_head":"<!-- This site is optimized with the Yoast SEO plugin v26.6 - https:\/\/yoast.com\/wordpress\/plugins\/seo\/ -->\n<title>Accueil - Pro Action<\/title>\n<meta name=\"robots\" content=\"index, follow, max-snippet:-1, max-image-preview:large, max-video-preview:-1\" \/>\n<link rel=\"canonical\" href=\"https:\/\/www.pro-action.ch\/fr\/\" \/>\n<meta property=\"og:locale\" content=\"fr_FR\" \/>\n<meta property=\"og:type\" content=\"article\" \/>\n<meta property=\"og:title\" content=\"Accueil - Pro Action\" \/>\n<meta property=\"og:description\" content=\"pro-action | coaching | d\u00e9veloppement organisationnel | formation Pour diff\u00e9rentes raisons, il nous est parfois difficile de trouver une solution, prendre une d\u00e9cision, g\u00e9rer un d\u00e9fi, bref, d\u2019\u00eatre proactif. Je conseille et accompagne individu ou groupe dans les changements, les prises de d\u00e9cisions ainsi qu\u2019en cas de crises ou de situations conflictuelles.\" \/>\n<meta property=\"og:url\" content=\"https:\/\/www.pro-action.ch\/fr\/\" \/>\n<meta property=\"og:site_name\" content=\"Pro Action\" \/>\n<meta property=\"article:modified_time\" content=\"2022-06-02T07:02:30+00:00\" \/>\n<meta property=\"og:image\" content=\"https:\/\/www.pro-action.ch\/wp-content\/uploads\/2022\/05\/Portrait-Baehler_Foto-N-Jansen_003.jpg\" \/>\n<meta name=\"twitter:card\" content=\"summary_large_image\" \/>\n<meta name=\"twitter:label1\" content=\"Est. reading time\" \/>\n\t<meta name=\"twitter:data1\" content=\"1 minute\" \/>\n<script type=\"application\/ld+json\" class=\"yoast-schema-graph\">{\"@context\":\"https:\/\/schema.org\",\"@graph\":[{\"@type\":\"WebPage\",\"@id\":\"https:\/\/www.pro-action.ch\/fr\/\",\"url\":\"https:\/\/www.pro-action.ch\/fr\/\",\"name\":\"Accueil - Pro Action\",\"isPartOf\":{\"@id\":\"https:\/\/www.pro-action.ch\/#website\"},\"primaryImageOfPage\":{\"@id\":\"https:\/\/www.pro-action.ch\/fr\/#primaryimage\"},\"image\":{\"@id\":\"https:\/\/www.pro-action.ch\/fr\/#primaryimage\"},\"thumbnailUrl\":\"https:\/\/www.pro-action.ch\/wp-content\/uploads\/2022\/05\/Portrait-Baehler_Foto-N-Jansen_003.jpg\",\"datePublished\":\"2022-03-29T11:01:00+00:00\",\"dateModified\":\"2022-06-02T07:02:30+00:00\",\"breadcrumb\":{\"@id\":\"https:\/\/www.pro-action.ch\/fr\/#breadcrumb\"},\"inLanguage\":\"fr-FR\",\"potentialAction\":[{\"@type\":\"ReadAction\",\"target\":[\"https:\/\/www.pro-action.ch\/fr\/\"]}]},{\"@type\":\"ImageObject\",\"inLanguage\":\"fr-FR\",\"@id\":\"https:\/\/www.pro-action.ch\/fr\/#primaryimage\",\"url\":\"https:\/\/www.pro-action.ch\/wp-content\/uploads\/2022\/05\/Portrait-Baehler_Foto-N-Jansen_003.jpg\",\"contentUrl\":\"https:\/\/www.pro-action.ch\/wp-content\/uploads\/2022\/05\/Portrait-Baehler_Foto-N-Jansen_003.jpg\"},{\"@type\":\"BreadcrumbList\",\"@id\":\"https:\/\/www.pro-action.ch\/fr\/#breadcrumb\",\"itemListElement\":[{\"@type\":\"ListItem\",\"position\":1,\"name\":\"Home\",\"item\":\"https:\/\/www.pro-action.ch\/fr\/\"},{\"@type\":\"ListItem\",\"position\":2,\"name\":\"Accueil\"}]},{\"@type\":\"WebSite\",\"@id\":\"https:\/\/www.pro-action.ch\/#website\",\"url\":\"https:\/\/www.pro-action.ch\/\",\"name\":\"Pro Action\",\"description\":\"Madeleine B\u00e4hler\",\"publisher\":{\"@id\":\"https:\/\/www.pro-action.ch\/#organization\"},\"potentialAction\":[{\"@type\":\"SearchAction\",\"target\":{\"@type\":\"EntryPoint\",\"urlTemplate\":\"https:\/\/www.pro-action.ch\/?s={search_term_string}\"},\"query-input\":{\"@type\":\"PropertyValueSpecification\",\"valueRequired\":true,\"valueName\":\"search_term_string\"}}],\"inLanguage\":\"fr-FR\"},{\"@type\":\"Organization\",\"@id\":\"https:\/\/www.pro-action.ch\/#organization\",\"name\":\"Pro Action\",\"url\":\"https:\/\/www.pro-action.ch\/\",\"logo\":{\"@type\":\"ImageObject\",\"inLanguage\":\"fr-FR\",\"@id\":\"https:\/\/www.pro-action.ch\/#\/schema\/logo\/image\/\",\"url\":\"https:\/\/www.pro-action.ch\/wp-content\/uploads\/2023\/04\/Logo_pro-action-2023-LQ.png\",\"contentUrl\":\"https:\/\/www.pro-action.ch\/wp-content\/uploads\/2023\/04\/Logo_pro-action-2023-LQ.png\",\"width\":379,\"height\":173,\"caption\":\"Pro Action\"},\"image\":{\"@id\":\"https:\/\/www.pro-action.ch\/#\/schema\/logo\/image\/\"}}]}<\/script>\n<!-- \/ Yoast SEO plugin. -->","yoast_head_json":{"title":"Accueil - Pro Action","robots":{"index":"index","follow":"follow","max-snippet":"max-snippet:-1","max-image-preview":"max-image-preview:large","max-video-preview":"max-video-preview:-1"},"canonical":"https:\/\/www.pro-action.ch\/fr\/","og_locale":"fr_FR","og_type":"article","og_title":"Accueil - Pro Action","og_description":"pro-action | coaching | d\u00e9veloppement organisationnel | formation Pour diff\u00e9rentes raisons, il nous est parfois difficile de trouver une solution, prendre une d\u00e9cision, g\u00e9rer un d\u00e9fi, bref, d\u2019\u00eatre proactif. Je conseille et accompagne individu ou groupe dans les changements, les prises de d\u00e9cisions ainsi qu\u2019en cas de crises ou de situations conflictuelles.","og_url":"https:\/\/www.pro-action.ch\/fr\/","og_site_name":"Pro Action","article_modified_time":"2022-06-02T07:02:30+00:00","og_image":[{"url":"https:\/\/www.pro-action.ch\/wp-content\/uploads\/2022\/05\/Portrait-Baehler_Foto-N-Jansen_003.jpg","type":"","width":"","height":""}],"twitter_card":"summary_large_image","twitter_misc":{"Est. reading time":"1 minute"},"schema":{"@context":"https:\/\/schema.org","@graph":[{"@type":"WebPage","@id":"https:\/\/www.pro-action.ch\/fr\/","url":"https:\/\/www.pro-action.ch\/fr\/","name":"Accueil - Pro Action","isPartOf":{"@id":"https:\/\/www.pro-action.ch\/#website"},"primaryImageOfPage":{"@id":"https:\/\/www.pro-action.ch\/fr\/#primaryimage"},"image":{"@id":"https:\/\/www.pro-action.ch\/fr\/#primaryimage"},"thumbnailUrl":"https:\/\/www.pro-action.ch\/wp-content\/uploads\/2022\/05\/Portrait-Baehler_Foto-N-Jansen_003.jpg","datePublished":"2022-03-29T11:01:00+00:00","dateModified":"2022-06-02T07:02:30+00:00","breadcrumb":{"@id":"https:\/\/www.pro-action.ch\/fr\/#breadcrumb"},"inLanguage":"fr-FR","potentialAction":[{"@type":"ReadAction","target":["https:\/\/www.pro-action.ch\/fr\/"]}]},{"@type":"ImageObject","inLanguage":"fr-FR","@id":"https:\/\/www.pro-action.ch\/fr\/#primaryimage","url":"https:\/\/www.pro-action.ch\/wp-content\/uploads\/2022\/05\/Portrait-Baehler_Foto-N-Jansen_003.jpg","contentUrl":"https:\/\/www.pro-action.ch\/wp-content\/uploads\/2022\/05\/Portrait-Baehler_Foto-N-Jansen_003.jpg"},{"@type":"BreadcrumbList","@id":"https:\/\/www.pro-action.ch\/fr\/#breadcrumb","itemListElement":[{"@type":"ListItem","position":1,"name":"Home","item":"https:\/\/www.pro-action.ch\/fr\/"},{"@type":"ListItem","position":2,"name":"Accueil"}]},{"@type":"WebSite","@id":"https:\/\/www.pro-action.ch\/#website","url":"https:\/\/www.pro-action.ch\/","name":"Pro Action","description":"Madeleine B\u00e4hler","publisher":{"@id":"https:\/\/www.pro-action.ch\/#organization"},"potentialAction":[{"@type":"SearchAction","target":{"@type":"EntryPoint","urlTemplate":"https:\/\/www.pro-action.ch\/?s={search_term_string}"},"query-input":{"@type":"PropertyValueSpecification","valueRequired":true,"valueName":"search_term_string"}}],"inLanguage":"fr-FR"},{"@type":"Organization","@id":"https:\/\/www.pro-action.ch\/#organization","name":"Pro Action","url":"https:\/\/www.pro-action.ch\/","logo":{"@type":"ImageObject","inLanguage":"fr-FR","@id":"https:\/\/www.pro-action.ch\/#\/schema\/logo\/image\/","url":"https:\/\/www.pro-action.ch\/wp-content\/uploads\/2023\/04\/Logo_pro-action-2023-LQ.png","contentUrl":"https:\/\/www.pro-action.ch\/wp-content\/uploads\/2023\/04\/Logo_pro-action-2023-LQ.png","width":379,"height":173,"caption":"Pro Action"},"image":{"@id":"https:\/\/www.pro-action.ch\/#\/schema\/logo\/image\/"}}]}},"_links":{"self":[{"href":"https:\/\/www.pro-action.ch\/fr\/wp-json\/wp\/v2\/pages\/5053","targetHints":{"allow":["GET"]}}],"collection":[{"href":"https:\/\/www.pro-action.ch\/fr\/wp-json\/wp\/v2\/pages"}],"about":[{"href":"https:\/\/www.pro-action.ch\/fr\/wp-json\/wp\/v2\/types\/page"}],"author":[{"embeddable":true,"href":"https:\/\/www.pro-action.ch\/fr\/wp-json\/wp\/v2\/users\/1"}],"replies":[{"embeddable":true,"href":"https:\/\/www.pro-action.ch\/fr\/wp-json\/wp\/v2\/comments?post=5053"}],"version-history":[{"count":21,"href":"https:\/\/www.pro-action.ch\/fr\/wp-json\/wp\/v2\/pages\/5053\/revisions"}],"predecessor-version":[{"id":5375,"href":"https:\/\/www.pro-action.ch\/fr\/wp-json\/wp\/v2\/pages\/5053\/revisions\/5375"}],"wp:attachment":[{"href":"https:\/\/www.pro-action.ch\/fr\/wp-json\/wp\/v2\/media?parent=5053"}],"curies":[{"name":"wp","href":"https:\/\/api.w.org\/{rel}","templated":true}]}}